{"id":1311,"date":"2022-08-11T11:21:40","date_gmt":"2022-08-11T09:21:40","guid":{"rendered":"https:\/\/www.avocateespagne.be\/politique-de-confidentialite\/"},"modified":"2022-09-23T14:15:02","modified_gmt":"2022-09-23T12:15:02","slug":"politique-de-confidentialite","status":"publish","type":"page","link":"https:\/\/www.avocateespagne.be\/en\/politique-de-confidentialite\/","title":{"rendered":"Politique de confidentialit\u00e9"},"content":{"rendered":"\n<p>1.POLITIQUE DE CONFIDENTIALIT\u00c9<br>FORMULAIRE DE CONTACT DE LA PREMI\u00c8RE COUCHE<\/p>\n\n\n\n<p>CIVIL SP SL traitera vos donn\u00e9es personnelles afin de r\u00e9pondre aux demandes formul\u00e9es. Vous pouvez exercer vos droits d&#8217;acc\u00e8s, de rectification, d&#8217;effacement et de portabilit\u00e9 de vos donn\u00e9es, de limitation et d&#8217;opposition \u00e0 leur traitement, ainsi que de ne pas faire l&#8217;objet de d\u00e9cisions fond\u00e9es uniquement sur le traitement automatis\u00e9 de vos donn\u00e9es, le cas \u00e9ch\u00e9ant, \u00e0 l&#8217;adresse \u00e9lectronique legal@civilsp.com.<\/p>\n\n\n\n<p>Nous vous recommandons de lire la politique de confidentialit\u00e9 avant de nous fournir vos donn\u00e9es personnelles.<\/p>\n\n\n\n<p>J&#8217;ai lu et j&#8217;accepte les termes et conditions de la politique de confidentialit\u00e9 \u25a1.<\/p>\n\n\n\n<p>DEUXI\u00c8ME COUCHE<\/p>\n\n\n\n<p>1.POLITIQUE DE CONFIDENTIALIT\u00c9 1<\/p>\n\n\n\n<p>2.POLITIQUE DE CONFIDENTIALIT\u00c9 1<\/p>\n\n\n\n<p>3.QUI EST RESPONSABLE DU TRAITEMENT DE VOS DONN\u00c9ES ? 1<\/p>\n\n\n\n<p>4.QUEL TYPE DE DONN\u00c9ES TRAITONS-NOUS ? 2<\/p>\n\n\n\n<p>5.\u00c0 QUELLES FINS TRAITONS-NOUS VOS DONN\u00c9ES PERSONNELLES ? 2<\/p>\n\n\n\n<p>6.QUELLE EST LA L\u00c9GITIMIT\u00c9 DU TRAITEMENT DE VOS DONN\u00c9ES ? 3<\/p>\n\n\n\n<ol start=\"7\"><li>PENDANT COMBIEN DE TEMPS CONSERVERONS-NOUS VOS DONN\u00c9ES ? 3<\/li><\/ol>\n\n\n\n<p>8.PARTAGERONS-NOUS VOS DONN\u00c9ES AVEC DES TIERS ? 3<\/p>\n\n\n\n<p>9.QUELS SONT VOS DROITS LORSQUE VOUS NOUS COMMUNIQUEZ VOS DONN\u00c9ES ? 3<\/p>\n\n\n\n<p>10.LES MODIFICATIONS DE LA POLITIQUE DE CONFIDENTIALIT\u00c9. 4<\/p>\n\n\n\n<p>11.INFORMATIONS SUR LES COOKIES 4<\/p>\n\n\n\n<p>CIVIL SP SL vous informe de sa politique de confidentialit\u00e9 appliqu\u00e9e aux donn\u00e9es personnelles. L&#8217;utilisation du site web n&#8217;implique pas que l&#8217;utilisateur doive fournir des informations concernant son identit\u00e9, et ne peut \u00eatre associ\u00e9e \u00e0 un utilisateur sp\u00e9cifique par la soci\u00e9t\u00e9. Dans le cas o\u00f9 des donn\u00e9es personnelles sont fournies, ces donn\u00e9es seront collect\u00e9es et utilis\u00e9es conform\u00e9ment aux limitations et aux droits \u00e9nonc\u00e9s dans le r\u00e8glement susmentionn\u00e9.<\/p>\n\n\n\n<p>2.POLITIQUE DE CONFIDENTIALIT\u00c9<br>3.QUI EST RESPONSABLE DU TRAITEMENT DE VOS DONN\u00c9ES ?<br>La personne responsable du traitement de vos donn\u00e9es est : CIVIL SP SL<\/p>\n\n\n\n<p>NUM\u00c9RO DE TVA : B54891551<\/p>\n\n\n\n<p>Adresse postale : CALLE APOLO, N\u00ba33, 5\u00ba-5,, 03181, TORREVIEJA, ALICANTE<\/p>\n\n\n\n<p>Courriel : legal@civilsp.com<\/p>\n\n\n\n<p>4.QUEL TYPE DE DONN\u00c9ES TRAITONS-NOUS ?<br>En fonction des produits, services ou fonctionnalit\u00e9s dont vous souhaitez b\u00e9n\u00e9ficier \u00e0 un moment donn\u00e9, nous devrons traiter certaines donn\u00e9es ou d&#8217;autres. En g\u00e9n\u00e9ral, ces donn\u00e9es seront, selon le cas, les suivantes :<\/p>\n\n\n\n<p>Vos donn\u00e9es d&#8217;identification (par exemple : votre nom, votre pr\u00e9nom, votre langue, le pays \u00e0 partir duquel vous interagissez avec nous, vos coordonn\u00e9es, etc.)<br>Donn\u00e9es de connexion, de g\u00e9olocalisation et de navigation (dans le cas o\u00f9 vous interagissez avec nous depuis votre t\u00e9l\u00e9phone mobile, par exemple).<br>Donn\u00e9es sur vos go\u00fbts et pr\u00e9f\u00e9rences.<br>N&#8217;oubliez pas que, lorsque nous vous demandons de remplir vos donn\u00e9es personnelles pour vous donner acc\u00e8s \u00e0 une fonctionnalit\u00e9 ou \u00e0 un service du site web, nous marquons certains champs comme obligatoires, car il s&#8217;agit de donn\u00e9es dont nous avons besoin pour pouvoir vous fournir le service ou vous donner acc\u00e8s \u00e0 la fonctionnalit\u00e9 en question.<\/p>\n\n\n\n<p>Veuillez noter que si vous choisissez de ne pas nous fournir ces informations, il se peut que vous ne puissiez pas terminer votre inscription en tant qu&#8217;utilisateur ou que vous ne puissiez pas profiter de ces services ou fonctionnalit\u00e9s.<\/p>\n\n\n\n<ol start=\"5\"><li>\u00c0 QUELLES FINS TRAITONS-NOUS VOS DONN\u00c9ES PERSONNELLES ?<br>En fonction de la mani\u00e8re dont vous interagissez avec notre site web, nous traiterons vos donn\u00e9es personnelles aux fins suivantes :<\/li><\/ol>\n\n\n\n<p>Pour traiter les demandes ou requ\u00eates que vous formulez par le biais des diff\u00e9rents moyens int\u00e9gr\u00e9s \u00e0 notre site web.<br>Nous ne traitons que les donn\u00e9es personnelles qui sont strictement n\u00e9cessaires pour g\u00e9rer ou r\u00e9soudre votre demande ou votre requ\u00eate.<\/p>\n\n\n\n<p>Pour la gestion des r\u00e9seaux sociaux<br>Dans le cas o\u00f9 vous nous suivez ou nous contactez par le biais des diff\u00e9rents r\u00e9seaux sociaux dans lesquels nous sommes pr\u00e9sents, nous traiterons les donn\u00e9es que vous nous fournissez par leur interm\u00e9diaire dans le seul but de r\u00e9pondre \u00e0 vos messages ou commentaires et de g\u00e9rer notre liste de contacts.<\/p>\n\n\n\n<p>Analyse de la convivialit\u00e9 et de la qualit\u00e9 pour am\u00e9liorer nos services (cookies).<br>Si vous acc\u00e9dez \u00e0 notre Plateforme, nous vous informons que nous traiterons vos donn\u00e9es de navigation \u00e0 des fins analytiques et statistiques, c&#8217;est-\u00e0-dire pour comprendre comment les utilisateurs interagissent avec notre Plateforme et ainsi pouvoir y apporter des am\u00e9liorations. De m\u00eame, nous r\u00e9alisons parfois des actions de qualit\u00e9 et des enqu\u00eates visant \u00e0 conna\u00eetre le degr\u00e9 de satisfaction de nos clients et utilisateurs et \u00e0 d\u00e9tecter les domaines dans lesquels nous pouvons nous am\u00e9liorer.<\/p>\n\n\n\n<p>6.QUELLE EST LA BASE JURIDIQUE DU TRAITEMENT DE VOS DONN\u00c9ES ?<br>La base juridique qui nous permet de traiter vos donn\u00e9es personnelles d\u00e9pend \u00e9galement de la finalit\u00e9 pour laquelle nous les traitons, nous trouverons donc diff\u00e9rentes bases juridiques dans les finalit\u00e9s suivantes :<\/p>\n\n\n\n<p>Attention aux demandes d&#8217;information.<br>La base juridique du traitement de vos donn\u00e9es est le consentement \u00e9clair\u00e9 \u00e0 r\u00e9pondre aux questions pos\u00e9es par le biais du site web, ce qui implique l&#8217;acceptation des pr\u00e9sentes conditions par la partie int\u00e9ress\u00e9e.<\/p>\n\n\n\n<p>R\u00e9seaux sociaux<br>La base de la l\u00e9gitimit\u00e9 est le consentement \u00e9clair\u00e9 pour r\u00e9pondre aux questions pos\u00e9es par le biais du r\u00e9seau social, ainsi que le moment o\u00f9 vous nous suivez et souhaitez faire partie de notre liste de contacts.<\/p>\n\n\n\n<p>Analyse de la convivialit\u00e9 et de la qualit\u00e9 (Cookies)<br>Consentement de l&#8217;utilisateur \u00e0 l&#8217;utilisation de cookies.<\/p>\n\n\n\n<p>7.COMBIEN DE TEMPS CONSERVONS-NOUS VOS DONN\u00c9ES ?<br>Demande d&#8217;information.<br>Nous traiterons vos donn\u00e9es aussi longtemps qu&#8217;il est n\u00e9cessaire de traiter votre demande ou votre requ\u00eate, puis 1 an.<\/p>\n\n\n\n<p>R\u00e9seaux sociaux<br>Nous traiterons vos donn\u00e9es aussi longtemps que n\u00e9cessaire pour traiter votre demande ou votre requ\u00eate et aussi longtemps que vous \u00eates un suiveur de notre profil.<\/p>\n\n\n\n<p>8.PARTAGERONS-NOUS VOS DONN\u00c9ES AVEC DES TIERS ?<br>Afin d&#8217;atteindre les objectifs indiqu\u00e9s dans la pr\u00e9sente politique de confidentialit\u00e9, il est n\u00e9cessaire que nous donnions acc\u00e8s \u00e0 vos donn\u00e9es personnelles \u00e0 des tiers qui nous soutiennent dans les services que nous vous offrons et qui sont d\u00e9taill\u00e9s ci-dessous :<\/p>\n\n\n\n<p>Fournisseurs de services technologiques<br>QUELS SONT VOS DROITS LORSQUE VOUS NOUS COMMUNIQUEZ VOS DONN\u00c9ES ?<br>Nous nous engageons \u00e0 respecter la confidentialit\u00e9 de vos donn\u00e9es personnelles et \u00e0 vous garantir l&#8217;exercice de vos droits.<\/p>\n\n\n\n<p>Vous pouvez les exercer gratuitement en nous envoyant un e-mail \u00e0 notre adresse legal@civilsp.com, en indiquant simplement le motif de votre demande et le droit que vous souhaitez exercer.<\/p>\n\n\n\n<p>Si nous estimons qu&#8217;il est n\u00e9cessaire de vous identifier, nous pouvons vous demander une copie d&#8217;un document prouvant votre identit\u00e9. En particulier, quelle que soit la finalit\u00e9 ou la base juridique sur laquelle nous traitons vos donn\u00e9es, vous avez le droit de :<\/p>\n\n\n\n<p>Demandez-nous l&#8217;acc\u00e8s aux donn\u00e9es que nous d\u00e9tenons \u00e0 votre sujet.<\/p>\n\n\n\n<p>Nous demander de rectifier les donn\u00e9es que nous d\u00e9tenons d\u00e9j\u00e0 \u00e0 votre sujet. Veuillez noter qu&#8217;en nous fournissant activement vos informations personnelles de quelque mani\u00e8re que ce soit, vous garantissez qu&#8217;elles sont vraies et exactes et vous vous engagez \u00e0 nous informer de tout changement ou modification de celles-ci.<\/p>\n\n\n\n<p>Nous demander de supprimer vos donn\u00e9es dans la mesure o\u00f9 elles ne sont plus n\u00e9cessaires \u00e0 la finalit\u00e9 pour laquelle nous avons besoin de les traiter comme nous vous en avons pr\u00e9alablement inform\u00e9, ou dans la mesure o\u00f9 nous n&#8217;avons plus la l\u00e9gitimit\u00e9 pour le faire.<\/p>\n\n\n\n<p>Nous demander de restreindre le traitement de vos donn\u00e9es, ce qui signifie que, dans certains cas, vous pouvez nous demander de cesser temporairement de traiter les donn\u00e9es ou de les conserver plus longtemps que n\u00e9cessaire lorsque vous pourriez en avoir besoin. Si vous nous avez donn\u00e9 votre consentement au traitement de vos donn\u00e9es \u00e0 quelque fin que ce soit, vous avez \u00e9galement le droit de retirer votre consentement \u00e0 tout moment.<\/p>\n\n\n\n<p>En outre, lorsque le traitement de vos donn\u00e9es est fond\u00e9 sur notre int\u00e9r\u00eat l\u00e9gitime, vous avez \u00e9galement le droit de vous opposer au traitement de vos donn\u00e9es.<\/p>\n\n\n\n<p>Enfin, nous vous informons de votre droit de d\u00e9poser une plainte aupr\u00e8s de l&#8217;autorit\u00e9 de contr\u00f4le de la protection des donn\u00e9es comp\u00e9tente, en particulier aupr\u00e8s de l&#8217;Agence espagnole de protection des donn\u00e9es https:\/\/www.agpd.es\/portalwebAGPD\/index-ides-idphp.php.<\/p>\n\n\n\n<p>10.LES MODIFICATIONS DE LA POLITIQUE DE CONFIDENTIALIT\u00c9.<br>Nous pouvons modifier les informations contenues dans cette politique de confidentialit\u00e9 de temps \u00e0 autre. Si nous le faisons, nous vous en informerons de diverses mani\u00e8res par le biais de la Plateforme, ou nous vous notifierons \u00e0 votre adresse \u00e9lectronique lorsque le changement en question est significatif pour votre vie priv\u00e9e, afin que vous puissiez examiner les changements, les \u00e9valuer et, le cas \u00e9ch\u00e9ant, vous opposer ou vous d\u00e9sabonner de tout service ou fonctionnalit\u00e9.<\/p>\n\n\n\n<p>11.INFORMATIONS SUR LES COOKIES<br>Nous utilisons des cookies et des dispositifs similaires pour faciliter votre navigation sur la Plateforme, pour savoir comment vous interagissez avec nous et, dans certains cas, pour pouvoir vous montrer des publicit\u00e9s en fonction de vos habitudes de navigation. Veuillez lire notre politique en mati\u00e8re de cookies pour en savoir plus sur les cookies et les dispositifs similaires que nous utilisons, leur objectif et d&#8217;autres informations d&#8217;int\u00e9r\u00eat.<\/p>\n","protected":false},"excerpt":{"rendered":"<p>1.POLITIQUE DE CONFIDENTIALIT\u00c9FORMULAIRE DE CONTACT DE LA PREMI\u00c8RE COUCHE CIVIL SP SL traitera vos donn\u00e9es personnelles afin de r\u00e9pondre aux demandes formul\u00e9es. Vous pouvez exercer vos droits d&#8217;acc\u00e8s, de rectification, d&#8217;effacement et de portabilit\u00e9 de vos donn\u00e9es, de limitation et d&#8217;opposition \u00e0 leur traitement, ainsi que de ne pas faire l&#8217;objet de d\u00e9cisions fond\u00e9es uniquement [&hellip;]<\/p>\n","protected":false},"author":1,"featured_media":0,"parent":0,"menu_order":0,"comment_status":"closed","ping_status":"closed","template":"","meta":[],"yoast_head":"<!-- This site is optimized with the Yoast SEO plugin v20.6 - https:\/\/yoast.com\/wordpress\/plugins\/seo\/ -->\n<title>Politique de confidentialit\u00e9 - Avocats francophones en Espagne. Civil SP<\/title>\n<meta name=\"robots\" content=\"index, follow, max-snippet:-1, max-image-preview:large, max-video-preview:-1\" \/>\n<link rel=\"canonical\" href=\"https:\/\/www.avocateespagne.be\/en\/politique-de-confidentialite\/\" \/>\n<meta property=\"og:locale\" content=\"en_US\" \/>\n<meta property=\"og:type\" content=\"article\" \/>\n<meta property=\"og:title\" content=\"Politique de confidentialit\u00e9 - Avocats francophones en Espagne. Civil SP\" \/>\n<meta property=\"og:description\" content=\"1.POLITIQUE DE CONFIDENTIALIT\u00c9FORMULAIRE DE CONTACT DE LA PREMI\u00c8RE COUCHE CIVIL SP SL traitera vos donn\u00e9es personnelles afin de r\u00e9pondre aux demandes formul\u00e9es. Vous pouvez exercer vos droits d&#8217;acc\u00e8s, de rectification, d&#8217;effacement et de portabilit\u00e9 de vos donn\u00e9es, de limitation et d&#8217;opposition \u00e0 leur traitement, ainsi que de ne pas faire l&#8217;objet de d\u00e9cisions fond\u00e9es uniquement [&hellip;]\" \/>\n<meta property=\"og:url\" content=\"https:\/\/www.avocateespagne.be\/en\/politique-de-confidentialite\/\" \/>\n<meta property=\"og:site_name\" content=\"Avocats francophones en Espagne. Civil SP\" \/>\n<meta property=\"article:modified_time\" content=\"2022-09-23T12:15:02+00:00\" \/>\n<meta name=\"twitter:card\" content=\"summary_large_image\" \/>\n<meta name=\"twitter:label1\" content=\"Est. reading time\" \/>\n\t<meta name=\"twitter:data1\" content=\"8 minutes\" \/>\n<script type=\"application\/ld+json\" class=\"yoast-schema-graph\">{\"@context\":\"https:\/\/schema.org\",\"@graph\":[{\"@type\":\"WebPage\",\"@id\":\"https:\/\/www.avocateespagne.be\/en\/politique-de-confidentialite\/\",\"url\":\"https:\/\/www.avocateespagne.be\/en\/politique-de-confidentialite\/\",\"name\":\"Politique de confidentialit\u00e9 - Avocats francophones en Espagne. Civil SP\",\"isPartOf\":{\"@id\":\"https:\/\/www.avocateespagne.be\/#website\"},\"datePublished\":\"2022-08-11T09:21:40+00:00\",\"dateModified\":\"2022-09-23T12:15:02+00:00\",\"breadcrumb\":{\"@id\":\"https:\/\/www.avocateespagne.be\/en\/politique-de-confidentialite\/#breadcrumb\"},\"inLanguage\":\"en-US\",\"potentialAction\":[{\"@type\":\"ReadAction\",\"target\":[\"https:\/\/www.avocateespagne.be\/en\/politique-de-confidentialite\/\"]}]},{\"@type\":\"BreadcrumbList\",\"@id\":\"https:\/\/www.avocateespagne.be\/en\/politique-de-confidentialite\/#breadcrumb\",\"itemListElement\":[{\"@type\":\"ListItem\",\"position\":1,\"name\":\"Accueil\",\"item\":\"https:\/\/www.avocateespagne.be\/en\/home\/\"},{\"@type\":\"ListItem\",\"position\":2,\"name\":\"Politique de confidentialit\u00e9\"}]},{\"@type\":\"WebSite\",\"@id\":\"https:\/\/www.avocateespagne.be\/#website\",\"url\":\"https:\/\/www.avocateespagne.be\/\",\"name\":\"Avocats francophones en Espagne. Civil SP\",\"description\":\"Consultants et avocats \u00e0 Torrevieja Alicante\",\"publisher\":{\"@id\":\"https:\/\/www.avocateespagne.be\/#organization\"},\"potentialAction\":[{\"@type\":\"SearchAction\",\"target\":{\"@type\":\"EntryPoint\",\"urlTemplate\":\"https:\/\/www.avocateespagne.be\/?s={search_term_string}\"},\"query-input\":\"required name=search_term_string\"}],\"inLanguage\":\"en-US\"},{\"@type\":\"Organization\",\"@id\":\"https:\/\/www.avocateespagne.be\/#organization\",\"name\":\"Avocats francophones en Espagne. Civil SP\",\"url\":\"https:\/\/www.avocateespagne.be\/\",\"logo\":{\"@type\":\"ImageObject\",\"inLanguage\":\"en-US\",\"@id\":\"https:\/\/www.avocateespagne.be\/#\/schema\/logo\/image\/\",\"url\":\"https:\/\/www.avocateespagne.be\/wp-content\/uploads\/2022\/08\/Logo-Civil-SP-150-1.png\",\"contentUrl\":\"https:\/\/www.avocateespagne.be\/wp-content\/uploads\/2022\/08\/Logo-Civil-SP-150-1.png\",\"width\":150,\"height\":116,\"caption\":\"Avocats francophones en Espagne. Civil SP\"},\"image\":{\"@id\":\"https:\/\/www.avocateespagne.be\/#\/schema\/logo\/image\/\"}}]}<\/script>\n<!-- \/ Yoast SEO plugin. -->","yoast_head_json":{"title":"Politique de confidentialit\u00e9 - Avocats francophones en Espagne. Civil SP","robots":{"index":"index","follow":"follow","max-snippet":"max-snippet:-1","max-image-preview":"max-image-preview:large","max-video-preview":"max-video-preview:-1"},"canonical":"https:\/\/www.avocateespagne.be\/en\/politique-de-confidentialite\/","og_locale":"en_US","og_type":"article","og_title":"Politique de confidentialit\u00e9 - Avocats francophones en Espagne. Civil SP","og_description":"1.POLITIQUE DE CONFIDENTIALIT\u00c9FORMULAIRE DE CONTACT DE LA PREMI\u00c8RE COUCHE CIVIL SP SL traitera vos donn\u00e9es personnelles afin de r\u00e9pondre aux demandes formul\u00e9es. Vous pouvez exercer vos droits d&#8217;acc\u00e8s, de rectification, d&#8217;effacement et de portabilit\u00e9 de vos donn\u00e9es, de limitation et d&#8217;opposition \u00e0 leur traitement, ainsi que de ne pas faire l&#8217;objet de d\u00e9cisions fond\u00e9es uniquement [&hellip;]","og_url":"https:\/\/www.avocateespagne.be\/en\/politique-de-confidentialite\/","og_site_name":"Avocats francophones en Espagne. Civil SP","article_modified_time":"2022-09-23T12:15:02+00:00","twitter_card":"summary_large_image","twitter_misc":{"Est. reading time":"8 minutes"},"schema":{"@context":"https:\/\/schema.org","@graph":[{"@type":"WebPage","@id":"https:\/\/www.avocateespagne.be\/en\/politique-de-confidentialite\/","url":"https:\/\/www.avocateespagne.be\/en\/politique-de-confidentialite\/","name":"Politique de confidentialit\u00e9 - Avocats francophones en Espagne. Civil SP","isPartOf":{"@id":"https:\/\/www.avocateespagne.be\/#website"},"datePublished":"2022-08-11T09:21:40+00:00","dateModified":"2022-09-23T12:15:02+00:00","breadcrumb":{"@id":"https:\/\/www.avocateespagne.be\/en\/politique-de-confidentialite\/#breadcrumb"},"inLanguage":"en-US","potentialAction":[{"@type":"ReadAction","target":["https:\/\/www.avocateespagne.be\/en\/politique-de-confidentialite\/"]}]},{"@type":"BreadcrumbList","@id":"https:\/\/www.avocateespagne.be\/en\/politique-de-confidentialite\/#breadcrumb","itemListElement":[{"@type":"ListItem","position":1,"name":"Accueil","item":"https:\/\/www.avocateespagne.be\/en\/home\/"},{"@type":"ListItem","position":2,"name":"Politique de confidentialit\u00e9"}]},{"@type":"WebSite","@id":"https:\/\/www.avocateespagne.be\/#website","url":"https:\/\/www.avocateespagne.be\/","name":"Avocats francophones en Espagne. Civil SP","description":"Consultants et avocats \u00e0 Torrevieja Alicante","publisher":{"@id":"https:\/\/www.avocateespagne.be\/#organization"},"potentialAction":[{"@type":"SearchAction","target":{"@type":"EntryPoint","urlTemplate":"https:\/\/www.avocateespagne.be\/?s={search_term_string}"},"query-input":"required name=search_term_string"}],"inLanguage":"en-US"},{"@type":"Organization","@id":"https:\/\/www.avocateespagne.be\/#organization","name":"Avocats francophones en Espagne. Civil SP","url":"https:\/\/www.avocateespagne.be\/","logo":{"@type":"ImageObject","inLanguage":"en-US","@id":"https:\/\/www.avocateespagne.be\/#\/schema\/logo\/image\/","url":"https:\/\/www.avocateespagne.be\/wp-content\/uploads\/2022\/08\/Logo-Civil-SP-150-1.png","contentUrl":"https:\/\/www.avocateespagne.be\/wp-content\/uploads\/2022\/08\/Logo-Civil-SP-150-1.png","width":150,"height":116,"caption":"Avocats francophones en Espagne. Civil SP"},"image":{"@id":"https:\/\/www.avocateespagne.be\/#\/schema\/logo\/image\/"}}]}},"_links":{"self":[{"href":"https:\/\/www.avocateespagne.be\/en\/wp-json\/wp\/v2\/pages\/1311"}],"collection":[{"href":"https:\/\/www.avocateespagne.be\/en\/wp-json\/wp\/v2\/pages"}],"about":[{"href":"https:\/\/www.avocateespagne.be\/en\/wp-json\/wp\/v2\/types\/page"}],"author":[{"embeddable":true,"href":"https:\/\/www.avocateespagne.be\/en\/wp-json\/wp\/v2\/users\/1"}],"replies":[{"embeddable":true,"href":"https:\/\/www.avocateespagne.be\/en\/wp-json\/wp\/v2\/comments?post=1311"}],"version-history":[{"count":1,"href":"https:\/\/www.avocateespagne.be\/en\/wp-json\/wp\/v2\/pages\/1311\/revisions"}],"predecessor-version":[{"id":1313,"href":"https:\/\/www.avocateespagne.be\/en\/wp-json\/wp\/v2\/pages\/1311\/revisions\/1313"}],"wp:attachment":[{"href":"https:\/\/www.avocateespagne.be\/en\/wp-json\/wp\/v2\/media?parent=1311"}],"curies":[{"name":"wp","href":"https:\/\/api.w.org\/{rel}","templated":true}]}}