{"id":1239,"date":"2022-08-10T13:19:53","date_gmt":"2022-08-10T11:19:53","guid":{"rendered":"https:\/\/www.avocateespagne.be\/a-propos-de-nous\/"},"modified":"2022-10-27T18:06:02","modified_gmt":"2022-10-27T16:06:02","slug":"sobre-nosotros-civil-sp","status":"publish","type":"page","link":"https:\/\/www.avocateespagne.be\/es\/sobre-nosotros-civil-sp\/","title":{"rendered":"Sobre nosotros"},"content":{"rendered":"\t\t<div data-elementor-type=\"wp-page\" data-elementor-id=\"1239\" class=\"elementor elementor-1239 elementor-22\">\n\t\t\t\t\t\t<section class=\"elementor-section elementor-top-section elementor-element elementor-element-47242664 elementor-section-full_width specialist-section-1 elementor-section-height-default elementor-section-height-default\" data-id=\"47242664\" data-element_type=\"section\" data-settings=\"{&quot;background_background&quot;:&quot;classic&quot;}\">\n\t\t\t\t\t\t\t<div class=\"elementor-background-overlay\"><\/div>\n\t\t\t\t\t\t\t<div class=\"elementor-container elementor-column-gap-default\">\n\t\t\t\t\t<div class=\"elementor-column elementor-col-100 elementor-top-column elementor-element elementor-element-59964744\" data-id=\"59964744\" data-element_type=\"column\">\n\t\t\t<div class=\"elementor-widget-wrap elementor-element-populated\">\n\t\t\t\t\t\t<section class=\"elementor-section elementor-inner-section elementor-element elementor-element-3dc0f224 specialist-section-1-mid-content elementor-section-boxed elementor-section-height-default elementor-section-height-default\" data-id=\"3dc0f224\" data-element_type=\"section\" data-settings=\"{&quot;background_background&quot;:&quot;classic&quot;}\">\n\t\t\t\t\t\t<div class=\"elementor-container elementor-column-gap-default\">\n\t\t\t\t\t<div class=\"elementor-column elementor-col-100 elementor-inner-column elementor-element elementor-element-6040af4d\" data-id=\"6040af4d\" data-element_type=\"column\">\n\t\t\t<div class=\"elementor-widget-wrap elementor-element-populated\">\n\t\t\t\t\t\t<div class=\"elementor-element elementor-element-4463ff1a elementor-widget elementor-widget-heading\" data-id=\"4463ff1a\" data-element_type=\"widget\" data-widget_type=\"heading.default\">\n\t\t\t\t<div class=\"elementor-widget-container\">\n\t\t\t<style>\/*! elementor - v3.20.0 - 10-04-2024 *\/\n.elementor-heading-title{padding:0;margin:0;line-height:1}.elementor-widget-heading .elementor-heading-title[class*=elementor-size-]>a{color:inherit;font-size:inherit;line-height:inherit}.elementor-widget-heading .elementor-heading-title.elementor-size-small{font-size:15px}.elementor-widget-heading .elementor-heading-title.elementor-size-medium{font-size:19px}.elementor-widget-heading .elementor-heading-title.elementor-size-large{font-size:29px}.elementor-widget-heading .elementor-heading-title.elementor-size-xl{font-size:39px}.elementor-widget-heading .elementor-heading-title.elementor-size-xxl{font-size:59px}<\/style><h2 class=\"elementor-heading-title elementor-size-default\">Sobre nosotros<\/h2>\t\t<\/div>\n\t\t\t\t<\/div>\n\t\t\t\t\t<\/div>\n\t\t<\/div>\n\t\t\t\t\t<\/div>\n\t\t<\/section>\n\t\t\t\t<div class=\"elementor-element elementor-element-10852a05 elementor-invisible elementor-widget elementor-widget-image\" data-id=\"10852a05\" data-element_type=\"widget\" data-settings=\"{&quot;_animation&quot;:&quot;bounceInRight&quot;}\" data-widget_type=\"image.default\">\n\t\t\t\t<div class=\"elementor-widget-container\">\n\t\t\t<style>\/*! elementor - v3.20.0 - 10-04-2024 *\/\n.elementor-widget-image{text-align:center}.elementor-widget-image a{display:inline-block}.elementor-widget-image a img[src$=\".svg\"]{width:48px}.elementor-widget-image img{vertical-align:middle;display:inline-block}<\/style>\t\t\t\t\t\t\t\t\t\t<img width=\"150\" height=\"116\" src=\"https:\/\/www.avocateespagne.be\/wp-content\/uploads\/2022\/08\/Logo-Civil-SP-150-1.png\" class=\"attachment-large size-large wp-image-394\" alt=\"Civil SP. Abogado en Espa\u00f1a\" \/>\t\t\t\t\t\t\t\t\t\t\t\t\t<\/div>\n\t\t\t\t<\/div>\n\t\t\t\t\t<\/div>\n\t\t<\/div>\n\t\t\t\t\t<\/div>\n\t\t<\/section>\n\t\t\t\t<section class=\"elementor-section elementor-top-section elementor-element elementor-element-5fdf2f14 elementor-section-boxed elementor-section-height-default elementor-section-height-default\" data-id=\"5fdf2f14\" data-element_type=\"section\" data-settings=\"{&quot;background_background&quot;:&quot;classic&quot;}\">\n\t\t\t\t\t\t<div class=\"elementor-container elementor-column-gap-default\">\n\t\t\t\t\t<div class=\"elementor-column elementor-col-50 elementor-top-column elementor-element elementor-element-1961e36f\" data-id=\"1961e36f\" data-element_type=\"column\">\n\t\t\t<div class=\"elementor-widget-wrap elementor-element-populated\">\n\t\t\t\t\t\t<div class=\"elementor-element elementor-element-311ec0c8 elementor-widget elementor-widget-heading\" data-id=\"311ec0c8\" data-element_type=\"widget\" data-widget_type=\"heading.default\">\n\t\t\t\t<div class=\"elementor-widget-container\">\n\t\t\t<h2 class=\"elementor-heading-title elementor-size-default\">Podemos ofrecerte:<\/h2>\t\t<\/div>\n\t\t\t\t<\/div>\n\t\t\t\t<div class=\"elementor-element elementor-element-2ff39795 elementor-widget elementor-widget-text-editor\" data-id=\"2ff39795\" data-element_type=\"widget\" data-widget_type=\"text-editor.default\">\n\t\t\t\t<div class=\"elementor-widget-container\">\n\t\t\t<style>\/*! elementor - v3.20.0 - 10-04-2024 *\/\n.elementor-widget-text-editor.elementor-drop-cap-view-stacked .elementor-drop-cap{background-color:#69727d;color:#fff}.elementor-widget-text-editor.elementor-drop-cap-view-framed .elementor-drop-cap{color:#69727d;border:3px solid;background-color:transparent}.elementor-widget-text-editor:not(.elementor-drop-cap-view-default) .elementor-drop-cap{margin-top:8px}.elementor-widget-text-editor:not(.elementor-drop-cap-view-default) .elementor-drop-cap-letter{width:1em;height:1em}.elementor-widget-text-editor .elementor-drop-cap{float:left;text-align:center;line-height:1;font-size:50px}.elementor-widget-text-editor .elementor-drop-cap-letter{display:inline-block}<\/style>\t\t\t\t<p><strong>CIVIL SP<\/strong> es una firma legal recientemente creada cuyos miembros poseen amplia y diversa experiencia en el mundo legal.<\/p>\n\t\t\t\t\t\t<\/div>\n\t\t\t\t<\/div>\n\t\t\t\t<div class=\"elementor-element elementor-element-2d69acd elementor-icon-list--layout-traditional elementor-list-item-link-full_width elementor-widget elementor-widget-icon-list\" data-id=\"2d69acd\" data-element_type=\"widget\" data-widget_type=\"icon-list.default\">\n\t\t\t\t<div class=\"elementor-widget-container\">\n\t\t\t<link rel=\"stylesheet\" href=\"https:\/\/www.avocateespagne.be\/wp-content\/plugins\/elementor\/assets\/css\/widget-icon-list.min.css\">\t\t<ul class=\"elementor-icon-list-items\">\n\t\t\t\t\t\t\t<li class=\"elementor-icon-list-item\">\n\t\t\t\t\t\t\t\t\t\t\t<span class=\"elementor-icon-list-icon\">\n\t\t\t\t\t\t\t<i aria-hidden=\"true\" class=\"fas fa-arrow-alt-circle-right\"><\/i>\t\t\t\t\t\t<\/span>\n\t\t\t\t\t\t\t\t\t\t<span class=\"elementor-icon-list-text\">Contacto directo con m\u00e1s de veinte a\u00f1os de experiencia.<\/span>\n\t\t\t\t\t\t\t\t\t<\/li>\n\t\t\t\t\t\t\t\t<li class=\"elementor-icon-list-item\">\n\t\t\t\t\t\t\t\t\t\t\t<span class=\"elementor-icon-list-icon\">\n\t\t\t\t\t\t\t<i aria-hidden=\"true\" class=\"fas fa-arrow-alt-circle-right\"><\/i>\t\t\t\t\t\t<\/span>\n\t\t\t\t\t\t\t\t\t\t<span class=\"elementor-icon-list-text\">Servicio de atenci\u00f3n al cliente trilingue. Ingl\u00e9s, Franc\u00e9s y Espa\u00f1ol.<\/span>\n\t\t\t\t\t\t\t\t\t<\/li>\n\t\t\t\t\t\t\t\t<li class=\"elementor-icon-list-item\">\n\t\t\t\t\t\t\t\t\t\t\t<span class=\"elementor-icon-list-icon\">\n\t\t\t\t\t\t\t<i aria-hidden=\"true\" class=\"fas fa-arrow-alt-circle-right\"><\/i>\t\t\t\t\t\t<\/span>\n\t\t\t\t\t\t\t\t\t\t<span class=\"elementor-icon-list-text\">Defensa con Abogados que cuentan con la m\u00e1s alta distinci\u00f3n acad\u00e9mica en Espa\u00f1a (Doctores en Derecho) y amplia experiencia en toda Espa\u00f1a en conflictos relacionados con cuestiones inmobiliarias y relaciones internacionales.<\/span>\n\t\t\t\t\t\t\t\t\t<\/li>\n\t\t\t\t\t\t\t\t<li class=\"elementor-icon-list-item\">\n\t\t\t\t\t\t\t\t\t\t\t<span class=\"elementor-icon-list-icon\">\n\t\t\t\t\t\t\t<i aria-hidden=\"true\" class=\"fas fa-arrow-alt-circle-right\"><\/i>\t\t\t\t\t\t<\/span>\n\t\t\t\t\t\t\t\t\t\t<span class=\"elementor-icon-list-text\">Atenci\u00f3n por personal con m\u00e1s de 10 a\u00f1os de experiencia y con m\u00e1s de 1.000 transacciones inmobiliarias cerradas.<\/span>\n\t\t\t\t\t\t\t\t\t<\/li>\n\t\t\t\t\t\t\t\t<li class=\"elementor-icon-list-item\">\n\t\t\t\t\t\t\t\t\t\t\t<span class=\"elementor-icon-list-icon\">\n\t\t\t\t\t\t\t<i aria-hidden=\"true\" class=\"fas fa-arrow-alt-circle-right\"><\/i>\t\t\t\t\t\t<\/span>\n\t\t\t\t\t\t\t\t\t\t<span class=\"elementor-icon-list-text\">La cobertura de una amplia p\u00f3liza de responsabilidad civil que protege a nuestros clientes.<\/span>\n\t\t\t\t\t\t\t\t\t<\/li>\n\t\t\t\t\t\t<\/ul>\n\t\t\t\t<\/div>\n\t\t\t\t<\/div>\n\t\t\t\t\t<\/div>\n\t\t<\/div>\n\t\t\t\t<div class=\"elementor-column elementor-col-50 elementor-top-column elementor-element elementor-element-742280fb\" data-id=\"742280fb\" data-element_type=\"column\">\n\t\t\t<div class=\"elementor-widget-wrap elementor-element-populated\">\n\t\t\t\t\t\t<section class=\"elementor-section elementor-inner-section elementor-element elementor-element-d473d39 elementor-section-boxed elementor-section-height-default elementor-section-height-default\" data-id=\"d473d39\" data-element_type=\"section\">\n\t\t\t\t\t\t<div class=\"elementor-container elementor-column-gap-default\">\n\t\t\t\t\t<div class=\"elementor-column elementor-col-50 elementor-inner-column elementor-element elementor-element-858666d\" data-id=\"858666d\" data-element_type=\"column\">\n\t\t\t<div class=\"elementor-widget-wrap elementor-element-populated\">\n\t\t\t\t\t\t<div class=\"elementor-element elementor-element-c160f48 elementor-widget elementor-widget-image\" data-id=\"c160f48\" data-element_type=\"widget\" data-widget_type=\"image.default\">\n\t\t\t\t<div class=\"elementor-widget-container\">\n\t\t\t\t\t\t\t\t\t\t\t\t\t<img src=\"https:\/\/www.avocateespagne.be\/wp-content\/uploads\/elementor\/thumbs\/Venancio-Parra-Torres-pwu2yh3ahrglytb9zfgv6mzt9p3ahhne9tk4ubk3og.jpg\" title=\"Venancio Parra Torres\" alt=\"Venancio Parra Torres\" loading=\"lazy\" \/>\t\t\t\t\t\t\t\t\t\t\t\t\t<\/div>\n\t\t\t\t<\/div>\n\t\t\t\t<div class=\"elementor-element elementor-element-5a17903 elementor-widget elementor-widget-heading\" data-id=\"5a17903\" data-element_type=\"widget\" data-widget_type=\"heading.default\">\n\t\t\t\t<div class=\"elementor-widget-container\">\n\t\t\t<h2 class=\"elementor-heading-title elementor-size-default\">Venancio Parra Torres<\/h2>\t\t<\/div>\n\t\t\t\t<\/div>\n\t\t\t\t<div class=\"elementor-element elementor-element-8203b03 elementor-widget elementor-widget-heading\" data-id=\"8203b03\" data-element_type=\"widget\" data-widget_type=\"heading.default\">\n\t\t\t\t<div class=\"elementor-widget-container\">\n\t\t\t<h2 class=\"elementor-heading-title elementor-size-default\">ABOGADO JEFE<\/h2>\t\t<\/div>\n\t\t\t\t<\/div>\n\t\t\t\t<div class=\"elementor-element elementor-element-fefeca4 elementor-widget elementor-widget-text-editor\" data-id=\"fefeca4\" data-element_type=\"widget\" data-widget_type=\"text-editor.default\">\n\t\t\t\t<div class=\"elementor-widget-container\">\n\t\t\t\t\t\t\t<p>Colegiado desde 1994. Doctor en Derecho, m\u00e1xima calificaci\u00f3n en Espa\u00f1a. Idioma Ingl\u00e9s. Acad\u00e9mico correspondiente del RAJYL. Ejerciendo desde 1994.<\/p>\n\t\t\t\t\t\t<\/div>\n\t\t\t\t<\/div>\n\t\t\t\t\t<\/div>\n\t\t<\/div>\n\t\t\t\t<div class=\"elementor-column elementor-col-50 elementor-inner-column elementor-element elementor-element-cfb6d05\" data-id=\"cfb6d05\" data-element_type=\"column\">\n\t\t\t<div class=\"elementor-widget-wrap elementor-element-populated\">\n\t\t\t\t\t\t<div class=\"elementor-element elementor-element-036011b elementor-widget elementor-widget-image\" data-id=\"036011b\" data-element_type=\"widget\" data-widget_type=\"image.default\">\n\t\t\t\t<div class=\"elementor-widget-container\">\n\t\t\t\t\t\t\t\t\t\t\t\t\t<img src=\"https:\/\/www.avocateespagne.be\/wp-content\/uploads\/elementor\/thumbs\/Cristina-Sanchez-Caselles-pwu2ye9rx9cqzzfdfw8zh5pfhjh6uec79floehoa74.jpg\" title=\"Cristina S\u00e1nchez Caselles\" alt=\"Cristina S\u00e1nchez Caselles\" loading=\"lazy\" \/>\t\t\t\t\t\t\t\t\t\t\t\t\t<\/div>\n\t\t\t\t<\/div>\n\t\t\t\t<div class=\"elementor-element elementor-element-c822700 elementor-widget elementor-widget-heading\" data-id=\"c822700\" data-element_type=\"widget\" data-widget_type=\"heading.default\">\n\t\t\t\t<div class=\"elementor-widget-container\">\n\t\t\t<h2 class=\"elementor-heading-title elementor-size-default\">Cristina S\u00e1nchez Caselles<\/h2>\t\t<\/div>\n\t\t\t\t<\/div>\n\t\t\t\t<div class=\"elementor-element elementor-element-366335f elementor-widget elementor-widget-heading\" data-id=\"366335f\" data-element_type=\"widget\" data-widget_type=\"heading.default\">\n\t\t\t\t<div class=\"elementor-widget-container\">\n\t\t\t<h2 class=\"elementor-heading-title elementor-size-default\">PREPARACI\u00d3N DE ESCRITURAS<\/h2>\t\t<\/div>\n\t\t\t\t<\/div>\n\t\t\t\t<div class=\"elementor-element elementor-element-36a50d9 elementor-widget elementor-widget-text-editor\" data-id=\"36a50d9\" data-element_type=\"widget\" data-widget_type=\"text-editor.default\">\n\t\t\t\t<div class=\"elementor-widget-container\">\n\t\t\t\t\t\t\t<p>Trabaja en el sector jur\u00eddico desde hace m\u00e1s de 15 a\u00f1os y cuenta con una gran experiencia a sus espaldas, siendo muy valorada por los clientes. Como mantiene informados a los clientes de la evoluci\u00f3n de su compra, estar\u00e1 en contacto con ella.<\/p>\n\t\t\t\t\t\t<\/div>\n\t\t\t\t<\/div>\n\t\t\t\t\t<\/div>\n\t\t<\/div>\n\t\t\t\t\t<\/div>\n\t\t<\/section>\n\t\t\t\t\t<\/div>\n\t\t<\/div>\n\t\t\t\t\t<\/div>\n\t\t<\/section>\n\t\t\t\t<section class=\"elementor-section elementor-top-section elementor-element elementor-element-9c704b3 elementor-section-boxed elementor-section-height-default elementor-section-height-default\" data-id=\"9c704b3\" data-element_type=\"section\">\n\t\t\t\t\t\t<div class=\"elementor-container elementor-column-gap-default\">\n\t\t\t\t\t<div class=\"elementor-column elementor-col-100 elementor-top-column elementor-element elementor-element-0cd3e00\" data-id=\"0cd3e00\" data-element_type=\"column\">\n\t\t\t<div class=\"elementor-widget-wrap elementor-element-populated\">\n\t\t\t\t\t\t<section class=\"elementor-section elementor-inner-section elementor-element elementor-element-cdab369 elementor-section-boxed elementor-section-height-default elementor-section-height-default\" data-id=\"cdab369\" data-element_type=\"section\">\n\t\t\t\t\t\t<div class=\"elementor-container elementor-column-gap-default\">\n\t\t\t\t\t<div class=\"elementor-column elementor-col-33 elementor-inner-column elementor-element elementor-element-7e58b79\" data-id=\"7e58b79\" data-element_type=\"column\">\n\t\t\t<div class=\"elementor-widget-wrap elementor-element-populated\">\n\t\t\t\t\t\t<div class=\"elementor-element elementor-element-3a39af1 elementor-widget elementor-widget-image\" data-id=\"3a39af1\" data-element_type=\"widget\" data-widget_type=\"image.default\">\n\t\t\t\t<div class=\"elementor-widget-container\">\n\t\t\t\t\t\t\t\t\t\t\t\t\t<img src=\"https:\/\/www.avocateespagne.be\/wp-content\/uploads\/elementor\/thumbs\/Cristina-Mercado-Martinez-pwu2yaif5x7lpjku1umh76nl3zzpzlx9wwzqhdtuw0.png\" title=\"Cristina Mercado Mart\u00ednez\" alt=\"Cristina Mercado Mart\u00ednez\" loading=\"lazy\" \/>\t\t\t\t\t\t\t\t\t\t\t\t\t<\/div>\n\t\t\t\t<\/div>\n\t\t\t\t<div class=\"elementor-element elementor-element-216cb6c elementor-widget elementor-widget-heading\" data-id=\"216cb6c\" data-element_type=\"widget\" data-widget_type=\"heading.default\">\n\t\t\t\t<div class=\"elementor-widget-container\">\n\t\t\t<h2 class=\"elementor-heading-title elementor-size-default\">Cristina Mercado Martinez<\/h2>\t\t<\/div>\n\t\t\t\t<\/div>\n\t\t\t\t<div class=\"elementor-element elementor-element-e6c927f elementor-widget elementor-widget-heading\" data-id=\"e6c927f\" data-element_type=\"widget\" data-widget_type=\"heading.default\">\n\t\t\t\t<div class=\"elementor-widget-container\">\n\t\t\t<h2 class=\"elementor-heading-title elementor-size-default\">ATENCI\u00d3N AL P\u00daBLICO<\/h2>\t\t<\/div>\n\t\t\t\t<\/div>\n\t\t\t\t<div class=\"elementor-element elementor-element-63b85f4 elementor-widget elementor-widget-text-editor\" data-id=\"63b85f4\" data-element_type=\"widget\" data-widget_type=\"text-editor.default\">\n\t\t\t\t<div class=\"elementor-widget-container\">\n\t\t\t\t\t\t\t<p>Es la encargada de atenci\u00f3n al p\u00fablico y tramitaci\u00f3n de cuestiones fiscales para residentes, tambi\u00e9n trabaja en el sector jur\u00eddico desde el a\u00f1o 2008. Es de ascendencia belga, por lo que ha vivido en B\u00e9lgica durante muchos a\u00f1os y conoce perfectamente las necesidades de los clientes. Habitualmente se encarga de las labores de postventa.<\/p>\n\t\t\t\t\t\t<\/div>\n\t\t\t\t<\/div>\n\t\t\t\t\t<\/div>\n\t\t<\/div>\n\t\t\t\t<div class=\"elementor-column elementor-col-33 elementor-inner-column elementor-element elementor-element-85ca27a\" data-id=\"85ca27a\" data-element_type=\"column\">\n\t\t\t<div class=\"elementor-widget-wrap elementor-element-populated\">\n\t\t\t\t\t\t<div class=\"elementor-element elementor-element-ea803d5 elementor-widget elementor-widget-image\" data-id=\"ea803d5\" data-element_type=\"widget\" data-widget_type=\"image.default\">\n\t\t\t\t<div class=\"elementor-widget-container\">\n\t\t\t\t\t\t\t\t\t\t\t\t\t<img src=\"https:\/\/www.avocateespagne.be\/wp-content\/uploads\/elementor\/thumbs\/Remedios-Ginette-Perez-pwu2yf7m43e1ble0aenm1ngw2xck23fxlk95vrmw0w.jpg\" title=\"Remedios Ginette P\u00e9rez\" alt=\"Remedios Ginette P\u00e9rez\" loading=\"lazy\" \/>\t\t\t\t\t\t\t\t\t\t\t\t\t<\/div>\n\t\t\t\t<\/div>\n\t\t\t\t<div class=\"elementor-element elementor-element-9f913be elementor-widget elementor-widget-heading\" data-id=\"9f913be\" data-element_type=\"widget\" data-widget_type=\"heading.default\">\n\t\t\t\t<div class=\"elementor-widget-container\">\n\t\t\t<h2 class=\"elementor-heading-title elementor-size-default\">Remedios Ginette P\u00e9rez<\/h2>\t\t<\/div>\n\t\t\t\t<\/div>\n\t\t\t\t<div class=\"elementor-element elementor-element-d4f7974 elementor-widget elementor-widget-heading\" data-id=\"d4f7974\" data-element_type=\"widget\" data-widget_type=\"heading.default\">\n\t\t\t\t<div class=\"elementor-widget-container\">\n\t\t\t<h2 class=\"elementor-heading-title elementor-size-default\">SECTOR JUR\u00cdDICO<\/h2>\t\t<\/div>\n\t\t\t\t<\/div>\n\t\t\t\t<div class=\"elementor-element elementor-element-c2eb4f1 elementor-widget elementor-widget-text-editor\" data-id=\"c2eb4f1\" data-element_type=\"widget\" data-widget_type=\"text-editor.default\">\n\t\t\t\t<div class=\"elementor-widget-container\">\n\t\t\t\t\t\t\t<p>De origen franc\u00e9s, es la \u00faltima en incorporarse al sector jur\u00eddico, aunque antes trabaj\u00f3 en el sector bancario, por lo que se encuentra muy habituada a tratar cuestiones bancarias. Desde hace a\u00f1os mantiene un contacto directo con muchos ciudadanos franc\u00f3fonos que se trasladan a Espa\u00f1a, por lo que conoce bien sus inquietudes y necesidades. Habitualmente acompa\u00f1a a nuestros clientes a notar\u00eda y es la encargada de la obtenci\u00f3n de los NIE y las residencias.<\/p>\n\t\t\t\t\t\t<\/div>\n\t\t\t\t<\/div>\n\t\t\t\t\t<\/div>\n\t\t<\/div>\n\t\t\t\t<div class=\"elementor-column elementor-col-33 elementor-inner-column elementor-element elementor-element-bde02c2\" data-id=\"bde02c2\" data-element_type=\"column\">\n\t\t\t<div class=\"elementor-widget-wrap elementor-element-populated\">\n\t\t\t\t\t\t<div class=\"elementor-element elementor-element-140c560 elementor-widget elementor-widget-image\" data-id=\"140c560\" data-element_type=\"widget\" data-widget_type=\"image.default\">\n\t\t\t\t<div class=\"elementor-widget-container\">\n\t\t\t\t\t\t\t\t\t\t\t\t\t<img src=\"https:\/\/www.avocateespagne.be\/wp-content\/uploads\/elementor\/thumbs\/Eva-Mo-Dolz-Bernabe-pwu2yi14olhwaf9wtxvhr4r9v2ynp6r4ly7mblipi8.jpg\" title=\"Eva M\u00ba Dolz Bernab\u00e9\" alt=\"Eva Mar\u00eda Dolz Bernab\u00e9\" loading=\"lazy\" \/>\t\t\t\t\t\t\t\t\t\t\t\t\t<\/div>\n\t\t\t\t<\/div>\n\t\t\t\t<div class=\"elementor-element elementor-element-919a447 elementor-widget elementor-widget-heading\" data-id=\"919a447\" data-element_type=\"widget\" data-widget_type=\"heading.default\">\n\t\t\t\t<div class=\"elementor-widget-container\">\n\t\t\t<h2 class=\"elementor-heading-title elementor-size-default\">Eva M\u00aa Dolz Bernab\u00e9<\/h2>\t\t<\/div>\n\t\t\t\t<\/div>\n\t\t\t\t<div class=\"elementor-element elementor-element-17784b2 elementor-widget elementor-widget-heading\" data-id=\"17784b2\" data-element_type=\"widget\" data-widget_type=\"heading.default\">\n\t\t\t\t<div class=\"elementor-widget-container\">\n\t\t\t<h2 class=\"elementor-heading-title elementor-size-default\">PAGO DE LOS IMPUESTOS<\/h2>\t\t<\/div>\n\t\t\t\t<\/div>\n\t\t\t\t<div class=\"elementor-element elementor-element-96927c2 elementor-widget elementor-widget-text-editor\" data-id=\"96927c2\" data-element_type=\"widget\" data-widget_type=\"text-editor.default\">\n\t\t\t\t<div class=\"elementor-widget-container\">\n\t\t\t\t\t\t\t<p>Es la encargada de los asuntos contables y del pago de los impuestos. Forma parte del equipo desde el inicio, aunque previamente ya trabajaba para otras empresas, por lo que tambi\u00e9n cuenta con una amplia experiencia, tanto nacional como internacional.<\/p>\n\t\t\t\t\t\t<\/div>\n\t\t\t\t<\/div>\n\t\t\t\t\t<\/div>\n\t\t<\/div>\n\t\t\t\t\t<\/div>\n\t\t<\/section>\n\t\t\t\t\t<\/div>\n\t\t<\/div>\n\t\t\t\t\t<\/div>\n\t\t<\/section>\n\t\t\t\t<section class=\"elementor-section elementor-top-section elementor-element elementor-element-ec10903 elementor-section-boxed elementor-section-height-default elementor-section-height-default\" data-id=\"ec10903\" data-element_type=\"section\" data-settings=\"{&quot;background_background&quot;:&quot;classic&quot;}\">\n\t\t\t\t\t\t\t<div class=\"elementor-background-overlay\"><\/div>\n\t\t\t\t\t\t\t<div class=\"elementor-container elementor-column-gap-default\">\n\t\t\t\t\t<div class=\"elementor-column elementor-col-100 elementor-top-column elementor-element elementor-element-cfcc42e\" data-id=\"cfcc42e\" data-element_type=\"column\">\n\t\t\t<div class=\"elementor-widget-wrap elementor-element-populated\">\n\t\t\t\t\t\t<div class=\"elementor-element elementor-element-60c312a elementor-widget elementor-widget-text-editor\" data-id=\"60c312a\" data-element_type=\"widget\" data-widget_type=\"text-editor.default\">\n\t\t\t\t<div class=\"elementor-widget-container\">\n\t\t\t\t\t\t\t<p>Y le aseguramos que el tener un amplio n\u00famero de clientes no nos impide ofrecerle un trato personal y directo, en unas condiciones econ\u00f3micas muy favorables.<\/p>\n\t\t\t\t\t\t<\/div>\n\t\t\t\t<\/div>\n\t\t\t\t<section class=\"elementor-section elementor-inner-section elementor-element elementor-element-dc10028 elementor-section-boxed elementor-section-height-default elementor-section-height-default\" data-id=\"dc10028\" data-element_type=\"section\">\n\t\t\t\t\t\t<div class=\"elementor-container elementor-column-gap-default\">\n\t\t\t\t\t<div class=\"elementor-column elementor-col-50 elementor-inner-column elementor-element elementor-element-ab7cf7c\" data-id=\"ab7cf7c\" data-element_type=\"column\">\n\t\t\t<div class=\"elementor-widget-wrap elementor-element-populated\">\n\t\t\t\t\t\t<div class=\"elementor-element elementor-element-6d6dbe2 elementor-widget elementor-widget-google_maps\" data-id=\"6d6dbe2\" data-element_type=\"widget\" data-widget_type=\"google_maps.default\">\n\t\t\t\t<div class=\"elementor-widget-container\">\n\t\t\t<style>\/*! elementor - v3.20.0 - 10-04-2024 *\/\n.elementor-widget-google_maps .elementor-widget-container{overflow:hidden}.elementor-widget-google_maps .elementor-custom-embed{line-height:0}.elementor-widget-google_maps iframe{height:300px}<\/style>\t\t<div class=\"elementor-custom-embed\">\n\t\t\t<iframe loading=\"lazy\"\n\t\t\t\t\tsrc=\"https:\/\/maps.google.com\/maps?q=Rue%20Apolo%2033%2C%20Torrevieja&#038;t=m&#038;z=16&#038;output=embed&#038;iwloc=near\"\n\t\t\t\t\ttitle=\"Rue Apolo 33, Torrevieja\"\n\t\t\t\t\taria-label=\"Rue Apolo 33, Torrevieja\"\n\t\t\t><\/iframe>\n\t\t<\/div>\n\t\t\t\t<\/div>\n\t\t\t\t<\/div>\n\t\t\t\t\t<\/div>\n\t\t<\/div>\n\t\t\t\t<div class=\"elementor-column elementor-col-50 elementor-inner-column elementor-element elementor-element-1e51524\" data-id=\"1e51524\" data-element_type=\"column\" data-settings=\"{&quot;background_background&quot;:&quot;classic&quot;}\">\n\t\t\t<div class=\"elementor-widget-wrap elementor-element-populated\">\n\t\t\t\t\t\t<div class=\"elementor-element elementor-element-c317f8b elementor-position-left elementor-vertical-align-middle specialist-services-imgboxaddress elementor-widget elementor-widget-image-box\" data-id=\"c317f8b\" data-element_type=\"widget\" data-widget_type=\"image-box.default\">\n\t\t\t\t<div class=\"elementor-widget-container\">\n\t\t\t<style>\/*! elementor - v3.20.0 - 10-04-2024 *\/\n.elementor-widget-image-box .elementor-image-box-content{width:100%}@media (min-width:768px){.elementor-widget-image-box.elementor-position-left .elementor-image-box-wrapper,.elementor-widget-image-box.elementor-position-right .elementor-image-box-wrapper{display:flex}.elementor-widget-image-box.elementor-position-right .elementor-image-box-wrapper{text-align:right;flex-direction:row-reverse}.elementor-widget-image-box.elementor-position-left .elementor-image-box-wrapper{text-align:left;flex-direction:row}.elementor-widget-image-box.elementor-position-top .elementor-image-box-img{margin:auto}.elementor-widget-image-box.elementor-vertical-align-top .elementor-image-box-wrapper{align-items:flex-start}.elementor-widget-image-box.elementor-vertical-align-middle .elementor-image-box-wrapper{align-items:center}.elementor-widget-image-box.elementor-vertical-align-bottom .elementor-image-box-wrapper{align-items:flex-end}}@media (max-width:767px){.elementor-widget-image-box .elementor-image-box-img{margin-left:auto!important;margin-right:auto!important;margin-bottom:15px}}.elementor-widget-image-box .elementor-image-box-img{display:inline-block}.elementor-widget-image-box .elementor-image-box-title a{color:inherit}.elementor-widget-image-box .elementor-image-box-wrapper{text-align:center}.elementor-widget-image-box .elementor-image-box-description{margin:0}<\/style><div class=\"elementor-image-box-wrapper\"><figure class=\"elementor-image-box-img\"><img width=\"26\" height=\"35\" src=\"https:\/\/www.avocateespagne.be\/wp-content\/uploads\/2022\/09\/location-icon.png\" class=\"attachment-full size-full wp-image-773\" alt=\"\" \/><\/figure><div class=\"elementor-image-box-content\"><h3 class=\"elementor-image-box-title\">Direcci\u00f3n<\/h3><p class=\"elementor-image-box-description\">Calle Apolo n\u00ba 33, Planta 5\u00aa, Puerta E<\/p><\/div><\/div>\t\t<\/div>\n\t\t\t\t<\/div>\n\t\t\t\t<div class=\"elementor-element elementor-element-b52c8b6 elementor-position-left elementor-vertical-align-middle specialist-services-imgboxphone elementor-widget elementor-widget-image-box\" data-id=\"b52c8b6\" data-element_type=\"widget\" data-widget_type=\"image-box.default\">\n\t\t\t\t<div class=\"elementor-widget-container\">\n\t\t\t<div class=\"elementor-image-box-wrapper\"><figure class=\"elementor-image-box-img\"><a href=\"tel:+34965294005\" tabindex=\"-1\"><img width=\"31\" height=\"30\" src=\"https:\/\/www.avocateespagne.be\/wp-content\/uploads\/2022\/09\/phone-icon.png\" class=\"attachment-full size-full wp-image-776\" alt=\"\" \/><\/a><\/figure><div class=\"elementor-image-box-content\"><h3 class=\"elementor-image-box-title\"><a href=\"tel:+34965294005\">Tel\u00e9fono<\/a><\/h3><p class=\"elementor-image-box-description\">+34 965 29 40 05<\/p><\/div><\/div>\t\t<\/div>\n\t\t\t\t<\/div>\n\t\t\t\t<div class=\"elementor-element elementor-element-fc19d71 elementor-position-left elementor-vertical-align-middle specialist-services-imgboxemail elementor-widget elementor-widget-image-box\" data-id=\"fc19d71\" data-element_type=\"widget\" data-widget_type=\"image-box.default\">\n\t\t\t\t<div class=\"elementor-widget-container\">\n\t\t\t<div class=\"elementor-image-box-wrapper\"><figure class=\"elementor-image-box-img\"><a href=\"mailto:legal@civilsp.com\" tabindex=\"-1\"><img loading=\"lazy\" width=\"31\" height=\"30\" src=\"https:\/\/www.avocateespagne.be\/wp-content\/uploads\/2022\/09\/email-icon.png\" class=\"attachment-full size-full wp-image-779\" alt=\"\" \/><\/a><\/figure><div class=\"elementor-image-box-content\"><h3 class=\"elementor-image-box-title\"><a href=\"mailto:legal@civilsp.com\">E-mail<\/a><\/h3><p class=\"elementor-image-box-description\">legal@civilsp.com <br>\ninfo@civilsp.com<\/p><\/div><\/div>\t\t<\/div>\n\t\t\t\t<\/div>\n\t\t\t\t<div class=\"elementor-element elementor-element-4232bf9 elementor-widget elementor-widget-text-editor\" data-id=\"4232bf9\" data-element_type=\"widget\" data-widget_type=\"text-editor.default\">\n\t\t\t\t<div class=\"elementor-widget-container\">\n\t\t\t\t\t\t\t<center><strong>Horario de atenci\u00f3n telef\u00f3nica de Civil SP<\/strong>\n<br>\nDe lunes a viernes: de 09:00 a 14:00<\/center>\t\t\t\t\t\t<\/div>\n\t\t\t\t<\/div>\n\t\t\t\t\t<\/div>\n\t\t<\/div>\n\t\t\t\t\t<\/div>\n\t\t<\/section>\n\t\t\t\t\t<\/div>\n\t\t<\/div>\n\t\t\t\t\t<\/div>\n\t\t<\/section>\n\t\t\t\t<section class=\"elementor-section elementor-top-section elementor-element elementor-element-19799e54 specialist-footer-section elementor-section-boxed elementor-section-height-default elementor-section-height-default\" data-id=\"19799e54\" data-element_type=\"section\" data-settings=\"{&quot;background_background&quot;:&quot;classic&quot;}\">\n\t\t\t\t\t\t<div class=\"elementor-container elementor-column-gap-default\">\n\t\t\t\t\t<div class=\"elementor-column elementor-col-100 elementor-top-column elementor-element elementor-element-319161c6\" data-id=\"319161c6\" data-element_type=\"column\">\n\t\t\t<div class=\"elementor-widget-wrap elementor-element-populated\">\n\t\t\t\t\t\t<section class=\"elementor-section elementor-inner-section elementor-element elementor-element-56866104 elementor-section-boxed elementor-section-height-default elementor-section-height-default\" data-id=\"56866104\" data-element_type=\"section\">\n\t\t\t\t\t\t<div class=\"elementor-container elementor-column-gap-default\">\n\t\t\t\t\t<div class=\"elementor-column elementor-col-25 elementor-inner-column elementor-element elementor-element-64a14dba specialist-footer-column1\" data-id=\"64a14dba\" data-element_type=\"column\">\n\t\t\t<div class=\"elementor-widget-wrap elementor-element-populated\">\n\t\t\t\t\t\t<div class=\"elementor-element elementor-element-66a0add4 elementor-widget elementor-widget-heading\" data-id=\"66a0add4\" data-element_type=\"widget\" data-widget_type=\"heading.default\">\n\t\t\t\t<div class=\"elementor-widget-container\">\n\t\t\t<h2 class=\"elementor-heading-title elementor-size-default\">Civil SP<\/h2>\t\t<\/div>\n\t\t\t\t<\/div>\n\t\t\t\t<div class=\"elementor-element elementor-element-3e80fbbe elementor-widget elementor-widget-text-editor\" data-id=\"3e80fbbe\" data-element_type=\"widget\" data-widget_type=\"text-editor.default\">\n\t\t\t\t<div class=\"elementor-widget-container\">\n\t\t\t\t\t\t\t<p>Podemos garantizarle que siempre tendr\u00e1 una atenci\u00f3n personalizada a un precio razonable.<\/p>\n<p>El mejor servicio legal para tus necesidades.<\/p>\n\t\t\t\t\t\t<\/div>\n\t\t\t\t<\/div>\n\t\t\t\t\t<\/div>\n\t\t<\/div>\n\t\t\t\t<div class=\"elementor-column elementor-col-25 elementor-inner-column elementor-element elementor-element-2183d92e specialist-footer-column2\" data-id=\"2183d92e\" data-element_type=\"column\">\n\t\t\t<div class=\"elementor-widget-wrap elementor-element-populated\">\n\t\t\t\t\t\t<div class=\"elementor-element elementor-element-572c3fde elementor-widget elementor-widget-heading\" data-id=\"572c3fde\" data-element_type=\"widget\" data-widget_type=\"heading.default\">\n\t\t\t\t<div class=\"elementor-widget-container\">\n\t\t\t<h2 class=\"elementor-heading-title elementor-size-default\">Servicios<\/h2>\t\t<\/div>\n\t\t\t\t<\/div>\n\t\t\t\t<div class=\"elementor-element elementor-element-386e41be taxi-banner-button elementor-icon-list--layout-traditional elementor-list-item-link-full_width elementor-widget elementor-widget-icon-list\" data-id=\"386e41be\" data-element_type=\"widget\" data-widget_type=\"icon-list.default\">\n\t\t\t\t<div class=\"elementor-widget-container\">\n\t\t\t\t\t<ul class=\"elementor-icon-list-items\">\n\t\t\t\t\t\t\t<li class=\"elementor-icon-list-item\">\n\t\t\t\t\t\t\t\t\t\t\t<a href=\"https:\/\/www.avocateespagne.be\/es\/servicios-de-abogados-y-asesores-legales-en-torrevieja-alicante\/venta-compra-transferencia-propiedad-torrevieja\/\">\n\n\t\t\t\t\t\t\t\t\t\t\t\t<span class=\"elementor-icon-list-icon\">\n\t\t\t\t\t\t\t<i aria-hidden=\"true\" class=\"fas fa-chevron-right\"><\/i>\t\t\t\t\t\t<\/span>\n\t\t\t\t\t\t\t\t\t\t<span class=\"elementor-icon-list-text\">Transacci\u00f3n de propiedades.<\/span>\n\t\t\t\t\t\t\t\t\t\t\t<\/a>\n\t\t\t\t\t\t\t\t\t<\/li>\n\t\t\t\t\t\t\t\t<li class=\"elementor-icon-list-item\">\n\t\t\t\t\t\t\t\t\t\t\t<a href=\"https:\/\/www.avocateespagne.be\/es\/servicios-de-abogados-y-asesores-legales-en-torrevieja-alicante\/asesores-abogados-hacer-testamento-en-espana\/\">\n\n\t\t\t\t\t\t\t\t\t\t\t\t<span class=\"elementor-icon-list-icon\">\n\t\t\t\t\t\t\t<i aria-hidden=\"true\" class=\"fas fa-chevron-right\"><\/i>\t\t\t\t\t\t<\/span>\n\t\t\t\t\t\t\t\t\t\t<span class=\"elementor-icon-list-text\">Testamento en Espa\u00f1a<\/span>\n\t\t\t\t\t\t\t\t\t\t\t<\/a>\n\t\t\t\t\t\t\t\t\t<\/li>\n\t\t\t\t\t\t\t\t<li class=\"elementor-icon-list-item\">\n\t\t\t\t\t\t\t\t\t\t\t<a href=\"https:\/\/www.avocateespagne.be\/es\/servicios-de-abogados-y-asesores-legales-en-torrevieja-alicante\/obtener-numero-nie-espanol\/\">\n\n\t\t\t\t\t\t\t\t\t\t\t\t<span class=\"elementor-icon-list-icon\">\n\t\t\t\t\t\t\t<i aria-hidden=\"true\" class=\"fas fa-chevron-right\"><\/i>\t\t\t\t\t\t<\/span>\n\t\t\t\t\t\t\t\t\t\t<span class=\"elementor-icon-list-text\">Obtener el N.I.E.<\/span>\n\t\t\t\t\t\t\t\t\t\t\t<\/a>\n\t\t\t\t\t\t\t\t\t<\/li>\n\t\t\t\t\t\t\t\t<li class=\"elementor-icon-list-item\">\n\t\t\t\t\t\t\t\t\t\t\t<a href=\"https:\/\/www.avocateespagne.be\/es\/servicios-de-abogados-y-asesores-legales-en-torrevieja-alicante\/representacion-asesores-fiscales-torrevieja\/\">\n\n\t\t\t\t\t\t\t\t\t\t\t\t<span class=\"elementor-icon-list-icon\">\n\t\t\t\t\t\t\t<i aria-hidden=\"true\" class=\"fas fa-chevron-right\"><\/i>\t\t\t\t\t\t<\/span>\n\t\t\t\t\t\t\t\t\t\t<span class=\"elementor-icon-list-text\">Representaci\u00f3n fiscal<\/span>\n\t\t\t\t\t\t\t\t\t\t\t<\/a>\n\t\t\t\t\t\t\t\t\t<\/li>\n\t\t\t\t\t\t\t\t<li class=\"elementor-icon-list-item\">\n\t\t\t\t\t\t\t\t\t\t\t<a href=\"https:\/\/www.avocateespagne.be\/es\/servicios-de-abogados-y-asesores-legales-en-torrevieja-alicante\/representacion-legal-torrevieja-alicante\/\">\n\n\t\t\t\t\t\t\t\t\t\t\t\t<span class=\"elementor-icon-list-icon\">\n\t\t\t\t\t\t\t<i aria-hidden=\"true\" class=\"fas fa-chevron-right\"><\/i>\t\t\t\t\t\t<\/span>\n\t\t\t\t\t\t\t\t\t\t<span class=\"elementor-icon-list-text\">Representaci\u00f3n legal<\/span>\n\t\t\t\t\t\t\t\t\t\t\t<\/a>\n\t\t\t\t\t\t\t\t\t<\/li>\n\t\t\t\t\t\t\t\t<li class=\"elementor-icon-list-item\">\n\t\t\t\t\t\t\t\t\t\t\t<a href=\"https:\/\/www.avocateespagne.be\/es\/servicios-de-abogados-y-asesores-legales-en-torrevieja-alicante\/preguntas-sobre-la-compra-venta-de-viviendas-en-torrevieja-alicante\/\">\n\n\t\t\t\t\t\t\t\t\t\t\t\t<span class=\"elementor-icon-list-icon\">\n\t\t\t\t\t\t\t<i aria-hidden=\"true\" class=\"fas fa-chevron-right\"><\/i>\t\t\t\t\t\t<\/span>\n\t\t\t\t\t\t\t\t\t\t<span class=\"elementor-icon-list-text\">Otras cuestiones<\/span>\n\t\t\t\t\t\t\t\t\t\t\t<\/a>\n\t\t\t\t\t\t\t\t\t<\/li>\n\t\t\t\t\t\t<\/ul>\n\t\t\t\t<\/div>\n\t\t\t\t<\/div>\n\t\t\t\t\t<\/div>\n\t\t<\/div>\n\t\t\t\t<div class=\"elementor-column elementor-col-25 elementor-inner-column elementor-element elementor-element-4182f395 specialist-footer-column3\" data-id=\"4182f395\" data-element_type=\"column\">\n\t\t\t<div class=\"elementor-widget-wrap elementor-element-populated\">\n\t\t\t\t\t\t<div class=\"elementor-element elementor-element-585159a elementor-widget elementor-widget-heading\" data-id=\"585159a\" data-element_type=\"widget\" data-widget_type=\"heading.default\">\n\t\t\t\t<div class=\"elementor-widget-container\">\n\t\t\t<h2 class=\"elementor-heading-title elementor-size-default\">Links r\u00e1pidos<\/h2>\t\t<\/div>\n\t\t\t\t<\/div>\n\t\t\t\t<div class=\"elementor-element elementor-element-42fcc746 taxi-banner-button elementor-icon-list--layout-traditional elementor-list-item-link-full_width elementor-widget elementor-widget-icon-list\" data-id=\"42fcc746\" data-element_type=\"widget\" data-widget_type=\"icon-list.default\">\n\t\t\t\t<div class=\"elementor-widget-container\">\n\t\t\t\t\t<ul class=\"elementor-icon-list-items\">\n\t\t\t\t\t\t\t<li class=\"elementor-icon-list-item\">\n\t\t\t\t\t\t\t\t\t\t\t<a href=\"https:\/\/www.avocateespagne.be\/es\/\">\n\n\t\t\t\t\t\t\t\t\t\t\t\t<span class=\"elementor-icon-list-icon\">\n\t\t\t\t\t\t\t<i aria-hidden=\"true\" class=\"fas fa-chevron-right\"><\/i>\t\t\t\t\t\t<\/span>\n\t\t\t\t\t\t\t\t\t\t<span class=\"elementor-icon-list-text\">Inicio<\/span>\n\t\t\t\t\t\t\t\t\t\t\t<\/a>\n\t\t\t\t\t\t\t\t\t<\/li>\n\t\t\t\t\t\t\t\t<li class=\"elementor-icon-list-item\">\n\t\t\t\t\t\t\t\t\t\t\t<a href=\"https:\/\/www.avocateespagne.be\/es\/sobre-nosotros-civil-sp\/\">\n\n\t\t\t\t\t\t\t\t\t\t\t\t<span class=\"elementor-icon-list-icon\">\n\t\t\t\t\t\t\t<i aria-hidden=\"true\" class=\"fas fa-chevron-right\"><\/i>\t\t\t\t\t\t<\/span>\n\t\t\t\t\t\t\t\t\t\t<span class=\"elementor-icon-list-text\">Sobre nosotros<\/span>\n\t\t\t\t\t\t\t\t\t\t\t<\/a>\n\t\t\t\t\t\t\t\t\t<\/li>\n\t\t\t\t\t\t\t\t<li class=\"elementor-icon-list-item\">\n\t\t\t\t\t\t\t\t\t\t\t<a href=\"https:\/\/www.avocateespagne.be\/es\/servicios-de-pago-civil-sp\/\">\n\n\t\t\t\t\t\t\t\t\t\t\t\t<span class=\"elementor-icon-list-icon\">\n\t\t\t\t\t\t\t<i aria-hidden=\"true\" class=\"fas fa-chevron-right\"><\/i>\t\t\t\t\t\t<\/span>\n\t\t\t\t\t\t\t\t\t\t<span class=\"elementor-icon-list-text\">Pago de servicios<\/span>\n\t\t\t\t\t\t\t\t\t\t\t<\/a>\n\t\t\t\t\t\t\t\t\t<\/li>\n\t\t\t\t\t\t\t\t<li class=\"elementor-icon-list-item\">\n\t\t\t\t\t\t\t\t\t\t\t<a href=\"https:\/\/www.avocateespagne.be\/contact-conseiller-juridique-civil-sp-torrevieja\/\">\n\n\t\t\t\t\t\t\t\t\t\t\t\t<span class=\"elementor-icon-list-icon\">\n\t\t\t\t\t\t\t<i aria-hidden=\"true\" class=\"fas fa-chevron-right\"><\/i>\t\t\t\t\t\t<\/span>\n\t\t\t\t\t\t\t\t\t\t<span class=\"elementor-icon-list-text\">Contacto<\/span>\n\t\t\t\t\t\t\t\t\t\t\t<\/a>\n\t\t\t\t\t\t\t\t\t<\/li>\n\t\t\t\t\t\t<\/ul>\n\t\t\t\t<\/div>\n\t\t\t\t<\/div>\n\t\t\t\t\t<\/div>\n\t\t<\/div>\n\t\t\t\t<div class=\"elementor-column elementor-col-25 elementor-inner-column elementor-element elementor-element-72ae56fb specialist-footer-column4\" data-id=\"72ae56fb\" data-element_type=\"column\">\n\t\t\t<div class=\"elementor-widget-wrap elementor-element-populated\">\n\t\t\t\t\t\t<div class=\"elementor-element elementor-element-2f9afc8f elementor-widget elementor-widget-heading\" data-id=\"2f9afc8f\" data-element_type=\"widget\" data-widget_type=\"heading.default\">\n\t\t\t\t<div class=\"elementor-widget-container\">\n\t\t\t<h2 class=\"elementor-heading-title elementor-size-default\">Un sitio web de...<\/h2>\t\t<\/div>\n\t\t\t\t<\/div>\n\t\t\t\t<div class=\"elementor-element elementor-element-57b62cd3 elementor-widget elementor-widget-image\" data-id=\"57b62cd3\" data-element_type=\"widget\" data-widget_type=\"image.default\">\n\t\t\t\t<div class=\"elementor-widget-container\">\n\t\t\t\t\t\t\t\t\t\t\t\t\t\t<a href=\"https:\/\/civilsp.com\" target=\"_blank\">\n\t\t\t\t\t\t\t<img width=\"150\" height=\"116\" src=\"https:\/\/www.avocateespagne.be\/wp-content\/uploads\/2022\/08\/Logo-Civil-SP-150-1.png\" class=\"attachment-large size-large wp-image-394\" alt=\"Civil SP. Abogado en Espa\u00f1a\" \/>\t\t\t\t\t\t\t\t<\/a>\n\t\t\t\t\t\t\t\t\t\t\t\t\t<\/div>\n\t\t\t\t<\/div>\n\t\t\t\t\t<\/div>\n\t\t<\/div>\n\t\t\t\t\t<\/div>\n\t\t<\/section>\n\t\t\t\t\t<\/div>\n\t\t<\/div>\n\t\t\t\t\t<\/div>\n\t\t<\/section>\n\t\t\t\t<\/div>\n\t\t","protected":false},"excerpt":{"rendered":"<p>Sobre nosotros Podemos ofrecerte: CIVIL SP es una firma legal recientemente creada cuyos miembros poseen amplia y diversa experiencia en el mundo legal. Contacto directo con m\u00e1s de veinte a\u00f1os de experiencia. Servicio de atenci\u00f3n al cliente trilingue. Ingl\u00e9s, Franc\u00e9s y Espa\u00f1ol. Defensa con Abogados que cuentan con la m\u00e1s alta distinci\u00f3n acad\u00e9mica en Espa\u00f1a [&hellip;]<\/p>\n","protected":false},"author":1,"featured_media":0,"parent":0,"menu_order":0,"comment_status":"closed","ping_status":"closed","template":"","meta":[],"yoast_head":"<!-- This site is optimized with the Yoast SEO plugin v20.6 - https:\/\/yoast.com\/wordpress\/plugins\/seo\/ -->\n<title>Sobre nosotros - Avocats francophones en Espagne. Civil SP<\/title>\n<meta name=\"robots\" content=\"index, follow, max-snippet:-1, max-image-preview:large, max-video-preview:-1\" \/>\n<link rel=\"canonical\" href=\"https:\/\/civilsp.com\/es\/sobre-nosotros\/\" \/>\n<meta property=\"og:locale\" content=\"es_ES\" \/>\n<meta property=\"og:type\" content=\"article\" \/>\n<meta property=\"og:title\" content=\"Sobre nosotros - Avocats francophones en Espagne. Civil SP\" \/>\n<meta property=\"og:description\" content=\"Sobre nosotros Podemos ofrecerte: CIVIL SP es una firma legal recientemente creada cuyos miembros poseen amplia y diversa experiencia en el mundo legal. Contacto directo con m\u00e1s de veinte a\u00f1os de experiencia. Servicio de atenci\u00f3n al cliente trilingue. Ingl\u00e9s, Franc\u00e9s y Espa\u00f1ol. Defensa con Abogados que cuentan con la m\u00e1s alta distinci\u00f3n acad\u00e9mica en Espa\u00f1a [&hellip;]\" \/>\n<meta property=\"og:url\" content=\"https:\/\/civilsp.com\/es\/sobre-nosotros\/\" \/>\n<meta property=\"og:site_name\" content=\"Avocats francophones en Espagne. Civil SP\" \/>\n<meta property=\"article:modified_time\" content=\"2022-10-27T16:06:02+00:00\" \/>\n<meta property=\"og:image\" content=\"https:\/\/www.avocateespagne.be\/wp-content\/uploads\/2022\/08\/Logo-Civil-SP-150-1.png\" \/>\n<meta name=\"twitter:card\" content=\"summary_large_image\" \/>\n<meta name=\"twitter:label1\" content=\"Tiempo de lectura\" \/>\n\t<meta name=\"twitter:data1\" content=\"3 minutos\" \/>\n<script type=\"application\/ld+json\" class=\"yoast-schema-graph\">{\"@context\":\"https:\/\/schema.org\",\"@graph\":[{\"@type\":\"WebPage\",\"@id\":\"https:\/\/www.avocateespagne.be\/es\/sobre-nosotros-civil-sp\/\",\"url\":\"https:\/\/civilsp.com\/es\/sobre-nosotros\/\",\"name\":\"Sobre nosotros - Avocats francophones en Espagne. Civil SP\",\"isPartOf\":{\"@id\":\"https:\/\/www.avocateespagne.be\/#website\"},\"datePublished\":\"2022-08-10T11:19:53+00:00\",\"dateModified\":\"2022-10-27T16:06:02+00:00\",\"breadcrumb\":{\"@id\":\"https:\/\/civilsp.com\/es\/sobre-nosotros\/#breadcrumb\"},\"inLanguage\":\"es\",\"potentialAction\":[{\"@type\":\"ReadAction\",\"target\":[\"https:\/\/civilsp.com\/es\/sobre-nosotros\/\"]}]},{\"@type\":\"BreadcrumbList\",\"@id\":\"https:\/\/civilsp.com\/es\/sobre-nosotros\/#breadcrumb\",\"itemListElement\":[{\"@type\":\"ListItem\",\"position\":1,\"name\":\"Accueil\",\"item\":\"https:\/\/www.avocateespagne.be\/es\/inicio\/\"},{\"@type\":\"ListItem\",\"position\":2,\"name\":\"Sobre nosotros\"}]},{\"@type\":\"WebSite\",\"@id\":\"https:\/\/www.avocateespagne.be\/#website\",\"url\":\"https:\/\/www.avocateespagne.be\/\",\"name\":\"Avocats francophones en Espagne. Civil SP\",\"description\":\"Consultants et avocats \u00e0 Torrevieja Alicante\",\"publisher\":{\"@id\":\"https:\/\/www.avocateespagne.be\/#organization\"},\"potentialAction\":[{\"@type\":\"SearchAction\",\"target\":{\"@type\":\"EntryPoint\",\"urlTemplate\":\"https:\/\/www.avocateespagne.be\/?s={search_term_string}\"},\"query-input\":\"required name=search_term_string\"}],\"inLanguage\":\"es\"},{\"@type\":\"Organization\",\"@id\":\"https:\/\/www.avocateespagne.be\/#organization\",\"name\":\"Avocats francophones en Espagne. Civil SP\",\"url\":\"https:\/\/www.avocateespagne.be\/\",\"logo\":{\"@type\":\"ImageObject\",\"inLanguage\":\"es\",\"@id\":\"https:\/\/www.avocateespagne.be\/#\/schema\/logo\/image\/\",\"url\":\"https:\/\/www.avocateespagne.be\/wp-content\/uploads\/2022\/08\/Logo-Civil-SP-150-1.png\",\"contentUrl\":\"https:\/\/www.avocateespagne.be\/wp-content\/uploads\/2022\/08\/Logo-Civil-SP-150-1.png\",\"width\":150,\"height\":116,\"caption\":\"Avocats francophones en Espagne. Civil SP\"},\"image\":{\"@id\":\"https:\/\/www.avocateespagne.be\/#\/schema\/logo\/image\/\"}}]}<\/script>\n<!-- \/ Yoast SEO plugin. -->","yoast_head_json":{"title":"Sobre nosotros - Avocats francophones en Espagne. Civil SP","robots":{"index":"index","follow":"follow","max-snippet":"max-snippet:-1","max-image-preview":"max-image-preview:large","max-video-preview":"max-video-preview:-1"},"canonical":"https:\/\/civilsp.com\/es\/sobre-nosotros\/","og_locale":"es_ES","og_type":"article","og_title":"Sobre nosotros - Avocats francophones en Espagne. Civil SP","og_description":"Sobre nosotros Podemos ofrecerte: CIVIL SP es una firma legal recientemente creada cuyos miembros poseen amplia y diversa experiencia en el mundo legal. Contacto directo con m\u00e1s de veinte a\u00f1os de experiencia. Servicio de atenci\u00f3n al cliente trilingue. Ingl\u00e9s, Franc\u00e9s y Espa\u00f1ol. Defensa con Abogados que cuentan con la m\u00e1s alta distinci\u00f3n acad\u00e9mica en Espa\u00f1a [&hellip;]","og_url":"https:\/\/civilsp.com\/es\/sobre-nosotros\/","og_site_name":"Avocats francophones en Espagne. Civil SP","article_modified_time":"2022-10-27T16:06:02+00:00","og_image":[{"url":"https:\/\/www.avocateespagne.be\/wp-content\/uploads\/2022\/08\/Logo-Civil-SP-150-1.png"}],"twitter_card":"summary_large_image","twitter_misc":{"Tiempo de lectura":"3 minutos"},"schema":{"@context":"https:\/\/schema.org","@graph":[{"@type":"WebPage","@id":"https:\/\/www.avocateespagne.be\/es\/sobre-nosotros-civil-sp\/","url":"https:\/\/civilsp.com\/es\/sobre-nosotros\/","name":"Sobre nosotros - Avocats francophones en Espagne. Civil SP","isPartOf":{"@id":"https:\/\/www.avocateespagne.be\/#website"},"datePublished":"2022-08-10T11:19:53+00:00","dateModified":"2022-10-27T16:06:02+00:00","breadcrumb":{"@id":"https:\/\/civilsp.com\/es\/sobre-nosotros\/#breadcrumb"},"inLanguage":"es","potentialAction":[{"@type":"ReadAction","target":["https:\/\/civilsp.com\/es\/sobre-nosotros\/"]}]},{"@type":"BreadcrumbList","@id":"https:\/\/civilsp.com\/es\/sobre-nosotros\/#breadcrumb","itemListElement":[{"@type":"ListItem","position":1,"name":"Accueil","item":"https:\/\/www.avocateespagne.be\/es\/inicio\/"},{"@type":"ListItem","position":2,"name":"Sobre nosotros"}]},{"@type":"WebSite","@id":"https:\/\/www.avocateespagne.be\/#website","url":"https:\/\/www.avocateespagne.be\/","name":"Avocats francophones en Espagne. Civil SP","description":"Consultants et avocats \u00e0 Torrevieja Alicante","publisher":{"@id":"https:\/\/www.avocateespagne.be\/#organization"},"potentialAction":[{"@type":"SearchAction","target":{"@type":"EntryPoint","urlTemplate":"https:\/\/www.avocateespagne.be\/?s={search_term_string}"},"query-input":"required name=search_term_string"}],"inLanguage":"es"},{"@type":"Organization","@id":"https:\/\/www.avocateespagne.be\/#organization","name":"Avocats francophones en Espagne. Civil SP","url":"https:\/\/www.avocateespagne.be\/","logo":{"@type":"ImageObject","inLanguage":"es","@id":"https:\/\/www.avocateespagne.be\/#\/schema\/logo\/image\/","url":"https:\/\/www.avocateespagne.be\/wp-content\/uploads\/2022\/08\/Logo-Civil-SP-150-1.png","contentUrl":"https:\/\/www.avocateespagne.be\/wp-content\/uploads\/2022\/08\/Logo-Civil-SP-150-1.png","width":150,"height":116,"caption":"Avocats francophones en Espagne. Civil SP"},"image":{"@id":"https:\/\/www.avocateespagne.be\/#\/schema\/logo\/image\/"}}]}},"_links":{"self":[{"href":"https:\/\/www.avocateespagne.be\/es\/wp-json\/wp\/v2\/pages\/1239"}],"collection":[{"href":"https:\/\/www.avocateespagne.be\/es\/wp-json\/wp\/v2\/pages"}],"about":[{"href":"https:\/\/www.avocateespagne.be\/es\/wp-json\/wp\/v2\/types\/page"}],"author":[{"embeddable":true,"href":"https:\/\/www.avocateespagne.be\/es\/wp-json\/wp\/v2\/users\/1"}],"replies":[{"embeddable":true,"href":"https:\/\/www.avocateespagne.be\/es\/wp-json\/wp\/v2\/comments?post=1239"}],"version-history":[{"count":8,"href":"https:\/\/www.avocateespagne.be\/es\/wp-json\/wp\/v2\/pages\/1239\/revisions"}],"predecessor-version":[{"id":1611,"href":"https:\/\/www.avocateespagne.be\/es\/wp-json\/wp\/v2\/pages\/1239\/revisions\/1611"}],"wp:attachment":[{"href":"https:\/\/www.avocateespagne.be\/es\/wp-json\/wp\/v2\/media?parent=1239"}],"curies":[{"name":"wp","href":"https:\/\/api.w.org\/{rel}","templated":true}]}}