{"id":1266,"date":"2022-08-11T11:03:42","date_gmt":"2022-08-11T09:03:42","guid":{"rendered":"https:\/\/www.avocateespagne.be\/servicios-de-abogados-y-asesores-legales-en-torrevieja-alicante\/espace-judiciaire-torrevieja-alicante\/"},"modified":"2022-10-18T10:06:51","modified_gmt":"2022-10-18T08:06:51","slug":"representacion-legal-torrevieja-alicante","status":"publish","type":"page","link":"https:\/\/www.avocateespagne.be\/es\/servicios-de-abogados-y-asesores-legales-en-torrevieja-alicante\/representacion-legal-torrevieja-alicante\/","title":{"rendered":"Representaci\u00f3n legal"},"content":{"rendered":"\t\t<div data-elementor-type=\"wp-page\" data-elementor-id=\"1266\" class=\"elementor elementor-1266 elementor-40\">\n\t\t\t\t\t\t<section class=\"elementor-section elementor-top-section elementor-element elementor-element-7d25037 elementor-section-full_width specialist-section-1 elementor-section-height-default elementor-section-height-default\" data-id=\"7d25037\" data-element_type=\"section\" data-settings=\"{&quot;background_background&quot;:&quot;classic&quot;}\">\n\t\t\t\t\t\t\t<div class=\"elementor-background-overlay\"><\/div>\n\t\t\t\t\t\t\t<div class=\"elementor-container elementor-column-gap-default\">\n\t\t\t\t\t<div class=\"elementor-column elementor-col-100 elementor-top-column elementor-element elementor-element-75095590\" data-id=\"75095590\" data-element_type=\"column\">\n\t\t\t<div class=\"elementor-widget-wrap elementor-element-populated\">\n\t\t\t\t\t\t<section class=\"elementor-section elementor-inner-section elementor-element elementor-element-43f355ea specialist-section-1-mid-content elementor-section-boxed elementor-section-height-default elementor-section-height-default\" data-id=\"43f355ea\" data-element_type=\"section\" data-settings=\"{&quot;background_background&quot;:&quot;classic&quot;}\">\n\t\t\t\t\t\t<div class=\"elementor-container elementor-column-gap-default\">\n\t\t\t\t\t<div class=\"elementor-column elementor-col-100 elementor-inner-column elementor-element elementor-element-37cc6f5c\" data-id=\"37cc6f5c\" data-element_type=\"column\">\n\t\t\t<div class=\"elementor-widget-wrap elementor-element-populated\">\n\t\t\t\t\t\t<div class=\"elementor-element elementor-element-3d83d702 elementor-widget elementor-widget-heading\" data-id=\"3d83d702\" data-element_type=\"widget\" data-widget_type=\"heading.default\">\n\t\t\t\t<div class=\"elementor-widget-container\">\n\t\t\t<style>\/*! elementor - v3.20.0 - 10-04-2024 *\/\n.elementor-heading-title{padding:0;margin:0;line-height:1}.elementor-widget-heading .elementor-heading-title[class*=elementor-size-]>a{color:inherit;font-size:inherit;line-height:inherit}.elementor-widget-heading .elementor-heading-title.elementor-size-small{font-size:15px}.elementor-widget-heading .elementor-heading-title.elementor-size-medium{font-size:19px}.elementor-widget-heading .elementor-heading-title.elementor-size-large{font-size:29px}.elementor-widget-heading .elementor-heading-title.elementor-size-xl{font-size:39px}.elementor-widget-heading .elementor-heading-title.elementor-size-xxl{font-size:59px}<\/style><h2 class=\"elementor-heading-title elementor-size-default\">Representaci\u00f3n legal<\/h2>\t\t<\/div>\n\t\t\t\t<\/div>\n\t\t\t\t\t<\/div>\n\t\t<\/div>\n\t\t\t\t\t<\/div>\n\t\t<\/section>\n\t\t\t\t<div class=\"elementor-element elementor-element-3a123724 elementor-invisible elementor-widget elementor-widget-image\" data-id=\"3a123724\" data-element_type=\"widget\" data-settings=\"{&quot;_animation&quot;:&quot;bounceInRight&quot;}\" data-widget_type=\"image.default\">\n\t\t\t\t<div class=\"elementor-widget-container\">\n\t\t\t<style>\/*! elementor - v3.20.0 - 10-04-2024 *\/\n.elementor-widget-image{text-align:center}.elementor-widget-image a{display:inline-block}.elementor-widget-image a img[src$=\".svg\"]{width:48px}.elementor-widget-image img{vertical-align:middle;display:inline-block}<\/style>\t\t\t\t\t\t\t\t\t\t<img width=\"150\" height=\"116\" src=\"https:\/\/www.avocateespagne.be\/wp-content\/uploads\/2022\/08\/Logo-Civil-SP-150-1.png\" class=\"attachment-large size-large wp-image-394\" alt=\"Civil SP. Abogado en Espa\u00f1a\" \/>\t\t\t\t\t\t\t\t\t\t\t\t\t<\/div>\n\t\t\t\t<\/div>\n\t\t\t\t\t<\/div>\n\t\t<\/div>\n\t\t\t\t\t<\/div>\n\t\t<\/section>\n\t\t\t\t<section class=\"elementor-section elementor-top-section elementor-element elementor-element-39feb5bb elementor-section-boxed elementor-section-height-default elementor-section-height-default\" data-id=\"39feb5bb\" data-element_type=\"section\" data-settings=\"{&quot;background_background&quot;:&quot;classic&quot;}\">\n\t\t\t\t\t\t<div class=\"elementor-container elementor-column-gap-default\">\n\t\t\t\t\t<div class=\"elementor-column elementor-col-33 elementor-top-column elementor-element elementor-element-434b17d2\" data-id=\"434b17d2\" data-element_type=\"column\">\n\t\t\t<div class=\"elementor-widget-wrap elementor-element-populated\">\n\t\t\t\t\t\t<div class=\"elementor-element elementor-element-55b269d6 elementor-widget elementor-widget-text-editor\" data-id=\"55b269d6\" data-element_type=\"widget\" data-widget_type=\"text-editor.default\">\n\t\t\t\t<div class=\"elementor-widget-container\">\n\t\t\t<style>\/*! elementor - v3.20.0 - 10-04-2024 *\/\n.elementor-widget-text-editor.elementor-drop-cap-view-stacked .elementor-drop-cap{background-color:#69727d;color:#fff}.elementor-widget-text-editor.elementor-drop-cap-view-framed .elementor-drop-cap{color:#69727d;border:3px solid;background-color:transparent}.elementor-widget-text-editor:not(.elementor-drop-cap-view-default) .elementor-drop-cap{margin-top:8px}.elementor-widget-text-editor:not(.elementor-drop-cap-view-default) .elementor-drop-cap-letter{width:1em;height:1em}.elementor-widget-text-editor .elementor-drop-cap{float:left;text-align:center;line-height:1;font-size:50px}.elementor-widget-text-editor .elementor-drop-cap-letter{display:inline-block}<\/style>\t\t\t\t<p>A veces, pese a estar debidamente asesorados y haber intentado encontrar una soluci\u00f3n amistosa, no hay m\u00e1s remedio que acudir a un Juzgado.<\/p>\n<p>En Civil SP estaremos encantados de defenderle, contando con Abogados de alt\u00edsima cualificaci\u00f3n profesional y amplia experiencia.<\/p>\n\t\t\t\t\t\t<\/div>\n\t\t\t\t<\/div>\n\t\t\t\t<div class=\"elementor-element elementor-element-138e05aa elementor-widget elementor-widget-image\" data-id=\"138e05aa\" data-element_type=\"widget\" data-widget_type=\"image.default\">\n\t\t\t\t<div class=\"elementor-widget-container\">\n\t\t\t\t\t\t\t\t\t\t\t\t\t<img fetchpriority=\"high\" width=\"640\" height=\"427\" src=\"https:\/\/www.avocateespagne.be\/wp-content\/uploads\/2022\/09\/Espace-judiciare.jpg\" class=\"attachment-large size-large wp-image-951\" alt=\"abogados en los juzgados de torrevieja\" srcset=\"https:\/\/www.avocateespagne.be\/wp-content\/uploads\/2022\/09\/Espace-judiciare.jpg 640w, https:\/\/www.avocateespagne.be\/wp-content\/uploads\/2022\/09\/Espace-judiciare-300x200.jpg 300w\" sizes=\"(max-width: 640px) 100vw, 640px\" \/>\t\t\t\t\t\t\t\t\t\t\t\t\t<\/div>\n\t\t\t\t<\/div>\n\t\t\t\t\t<\/div>\n\t\t<\/div>\n\t\t\t\t<div class=\"elementor-column elementor-col-33 elementor-top-column elementor-element elementor-element-efde5c5\" data-id=\"efde5c5\" data-element_type=\"column\">\n\t\t\t<div class=\"elementor-widget-wrap\">\n\t\t\t\t\t\t\t<\/div>\n\t\t<\/div>\n\t\t\t\t<div class=\"elementor-column elementor-col-33 elementor-top-column elementor-element elementor-element-460988ec\" data-id=\"460988ec\" data-element_type=\"column\">\n\t\t\t<div class=\"elementor-widget-wrap elementor-element-populated\">\n\t\t\t\t\t\t<div class=\"elementor-element elementor-element-3cdaa39 elementor-widget elementor-widget-text-editor\" data-id=\"3cdaa39\" data-element_type=\"widget\" data-widget_type=\"text-editor.default\">\n\t\t\t\t<div class=\"elementor-widget-container\">\n\t\t\t\t\t\t\t<p>Generalmente nuestros clientes nos solicitan defenderles en temas relacionados con la construcci\u00f3n, la compra de inmuebles, productos de inversi\u00f3n, divorcios, herencias y reclamaciones por accidentes, aunque estamos abiertos a otro tipo de reclamaciones, poni\u00e9ndole en contacto con expertos en la materia.<\/p>\n<p>Los honorarios se pactan personalmente y seg\u00fan las posibilidades de nuestros clientes, que obtienen importantes descuentos sobre los honorarios orientativos aprobados por los distintos Colegios de Abogados.<\/p>\n\t\t\t\t\t\t<\/div>\n\t\t\t\t<\/div>\n\t\t\t\t\t<\/div>\n\t\t<\/div>\n\t\t\t\t\t<\/div>\n\t\t<\/section>\n\t\t\t\t<section class=\"elementor-section elementor-top-section elementor-element elementor-element-1ddbc136 specialist-footer-section elementor-section-boxed elementor-section-height-default elementor-section-height-default\" data-id=\"1ddbc136\" data-element_type=\"section\" data-settings=\"{&quot;background_background&quot;:&quot;classic&quot;}\">\n\t\t\t\t\t\t<div class=\"elementor-container elementor-column-gap-default\">\n\t\t\t\t\t<div class=\"elementor-column elementor-col-100 elementor-top-column elementor-element elementor-element-204a4dd0\" data-id=\"204a4dd0\" data-element_type=\"column\">\n\t\t\t<div class=\"elementor-widget-wrap elementor-element-populated\">\n\t\t\t\t\t\t<section class=\"elementor-section elementor-inner-section elementor-element elementor-element-26247a82 elementor-section-boxed elementor-section-height-default elementor-section-height-default\" data-id=\"26247a82\" data-element_type=\"section\">\n\t\t\t\t\t\t<div class=\"elementor-container elementor-column-gap-default\">\n\t\t\t\t\t<div class=\"elementor-column elementor-col-25 elementor-inner-column elementor-element elementor-element-42b4b14a specialist-footer-column1\" data-id=\"42b4b14a\" data-element_type=\"column\">\n\t\t\t<div class=\"elementor-widget-wrap elementor-element-populated\">\n\t\t\t\t\t\t<div class=\"elementor-element elementor-element-447bfa40 elementor-widget elementor-widget-heading\" data-id=\"447bfa40\" data-element_type=\"widget\" data-widget_type=\"heading.default\">\n\t\t\t\t<div class=\"elementor-widget-container\">\n\t\t\t<h2 class=\"elementor-heading-title elementor-size-default\">Civil SP<\/h2>\t\t<\/div>\n\t\t\t\t<\/div>\n\t\t\t\t<div class=\"elementor-element elementor-element-7b643110 elementor-widget elementor-widget-text-editor\" data-id=\"7b643110\" data-element_type=\"widget\" data-widget_type=\"text-editor.default\">\n\t\t\t\t<div class=\"elementor-widget-container\">\n\t\t\t\t\t\t\t<p>Podemos garantizarle que siempre tendr\u00e1 una atenci\u00f3n personalizada a un precio razonable.<\/p>\n<p>El mejor servicio legal para tus necesidades.<\/p>\n\t\t\t\t\t\t<\/div>\n\t\t\t\t<\/div>\n\t\t\t\t\t<\/div>\n\t\t<\/div>\n\t\t\t\t<div class=\"elementor-column elementor-col-25 elementor-inner-column elementor-element elementor-element-728d7e31 specialist-footer-column2\" data-id=\"728d7e31\" data-element_type=\"column\">\n\t\t\t<div class=\"elementor-widget-wrap elementor-element-populated\">\n\t\t\t\t\t\t<div class=\"elementor-element elementor-element-6951f55b elementor-widget elementor-widget-heading\" data-id=\"6951f55b\" data-element_type=\"widget\" data-widget_type=\"heading.default\">\n\t\t\t\t<div class=\"elementor-widget-container\">\n\t\t\t<h2 class=\"elementor-heading-title elementor-size-default\">Servicios<\/h2>\t\t<\/div>\n\t\t\t\t<\/div>\n\t\t\t\t<div class=\"elementor-element elementor-element-73823f14 taxi-banner-button elementor-icon-list--layout-traditional elementor-list-item-link-full_width elementor-widget elementor-widget-icon-list\" data-id=\"73823f14\" data-element_type=\"widget\" data-widget_type=\"icon-list.default\">\n\t\t\t\t<div class=\"elementor-widget-container\">\n\t\t\t<link rel=\"stylesheet\" href=\"https:\/\/www.avocateespagne.be\/wp-content\/plugins\/elementor\/assets\/css\/widget-icon-list.min.css\">\t\t<ul class=\"elementor-icon-list-items\">\n\t\t\t\t\t\t\t<li class=\"elementor-icon-list-item\">\n\t\t\t\t\t\t\t\t\t\t\t<a href=\"https:\/\/www.avocateespagne.be\/es\/servicios-de-abogados-y-asesores-legales-en-torrevieja-alicante\/venta-compra-transferencia-propiedad-torrevieja\/\">\n\n\t\t\t\t\t\t\t\t\t\t\t\t<span class=\"elementor-icon-list-icon\">\n\t\t\t\t\t\t\t<i aria-hidden=\"true\" class=\"fas fa-chevron-right\"><\/i>\t\t\t\t\t\t<\/span>\n\t\t\t\t\t\t\t\t\t\t<span class=\"elementor-icon-list-text\">Inmuebles<\/span>\n\t\t\t\t\t\t\t\t\t\t\t<\/a>\n\t\t\t\t\t\t\t\t\t<\/li>\n\t\t\t\t\t\t\t\t<li class=\"elementor-icon-list-item\">\n\t\t\t\t\t\t\t\t\t\t\t<a href=\"https:\/\/www.avocateespagne.be\/es\/servicios-de-abogados-y-asesores-legales-en-torrevieja-alicante\/asesores-abogados-hacer-testamento-en-espana\/\">\n\n\t\t\t\t\t\t\t\t\t\t\t\t<span class=\"elementor-icon-list-icon\">\n\t\t\t\t\t\t\t<i aria-hidden=\"true\" class=\"fas fa-chevron-right\"><\/i>\t\t\t\t\t\t<\/span>\n\t\t\t\t\t\t\t\t\t\t<span class=\"elementor-icon-list-text\">Testamento en Espa\u00f1a<\/span>\n\t\t\t\t\t\t\t\t\t\t\t<\/a>\n\t\t\t\t\t\t\t\t\t<\/li>\n\t\t\t\t\t\t\t\t<li class=\"elementor-icon-list-item\">\n\t\t\t\t\t\t\t\t\t\t\t<a href=\"https:\/\/www.avocateespagne.be\/es\/servicios-de-abogados-y-asesores-legales-en-torrevieja-alicante\/obtener-numero-nie-espanol\/\">\n\n\t\t\t\t\t\t\t\t\t\t\t\t<span class=\"elementor-icon-list-icon\">\n\t\t\t\t\t\t\t<i aria-hidden=\"true\" class=\"fas fa-chevron-right\"><\/i>\t\t\t\t\t\t<\/span>\n\t\t\t\t\t\t\t\t\t\t<span class=\"elementor-icon-list-text\">Obtener el N.I.E.<\/span>\n\t\t\t\t\t\t\t\t\t\t\t<\/a>\n\t\t\t\t\t\t\t\t\t<\/li>\n\t\t\t\t\t\t\t\t<li class=\"elementor-icon-list-item\">\n\t\t\t\t\t\t\t\t\t\t\t<a href=\"https:\/\/www.avocateespagne.be\/es\/servicios-de-abogados-y-asesores-legales-en-torrevieja-alicante\/representacion-asesores-fiscales-torrevieja\/\">\n\n\t\t\t\t\t\t\t\t\t\t\t\t<span class=\"elementor-icon-list-icon\">\n\t\t\t\t\t\t\t<i aria-hidden=\"true\" class=\"fas fa-chevron-right\"><\/i>\t\t\t\t\t\t<\/span>\n\t\t\t\t\t\t\t\t\t\t<span class=\"elementor-icon-list-text\">Representaci\u00f3n fiscal<\/span>\n\t\t\t\t\t\t\t\t\t\t\t<\/a>\n\t\t\t\t\t\t\t\t\t<\/li>\n\t\t\t\t\t\t\t\t<li class=\"elementor-icon-list-item\">\n\t\t\t\t\t\t\t\t\t\t\t<a href=\"https:\/\/www.avocateespagne.be\/es\/servicios-de-abogados-y-asesores-legales-en-torrevieja-alicante\/representacion-legal-torrevieja-alicante\/\">\n\n\t\t\t\t\t\t\t\t\t\t\t\t<span class=\"elementor-icon-list-icon\">\n\t\t\t\t\t\t\t<i aria-hidden=\"true\" class=\"fas fa-chevron-right\"><\/i>\t\t\t\t\t\t<\/span>\n\t\t\t\t\t\t\t\t\t\t<span class=\"elementor-icon-list-text\">Representaci\u00f3n legal<\/span>\n\t\t\t\t\t\t\t\t\t\t\t<\/a>\n\t\t\t\t\t\t\t\t\t<\/li>\n\t\t\t\t\t\t\t\t<li class=\"elementor-icon-list-item\">\n\t\t\t\t\t\t\t\t\t\t\t<a href=\"https:\/\/www.avocateespagne.be\/es\/servicios-de-abogados-y-asesores-legales-en-torrevieja-alicante\/preguntas-sobre-la-compra-venta-de-viviendas-en-torrevieja-alicante\/\">\n\n\t\t\t\t\t\t\t\t\t\t\t\t<span class=\"elementor-icon-list-icon\">\n\t\t\t\t\t\t\t<i aria-hidden=\"true\" class=\"fas fa-chevron-right\"><\/i>\t\t\t\t\t\t<\/span>\n\t\t\t\t\t\t\t\t\t\t<span class=\"elementor-icon-list-text\">Otras cuestiones<\/span>\n\t\t\t\t\t\t\t\t\t\t\t<\/a>\n\t\t\t\t\t\t\t\t\t<\/li>\n\t\t\t\t\t\t<\/ul>\n\t\t\t\t<\/div>\n\t\t\t\t<\/div>\n\t\t\t\t\t<\/div>\n\t\t<\/div>\n\t\t\t\t<div class=\"elementor-column elementor-col-25 elementor-inner-column elementor-element elementor-element-6e982a5e specialist-footer-column3\" data-id=\"6e982a5e\" data-element_type=\"column\">\n\t\t\t<div class=\"elementor-widget-wrap elementor-element-populated\">\n\t\t\t\t\t\t<div class=\"elementor-element elementor-element-160c60b6 elementor-widget elementor-widget-heading\" data-id=\"160c60b6\" data-element_type=\"widget\" data-widget_type=\"heading.default\">\n\t\t\t\t<div class=\"elementor-widget-container\">\n\t\t\t<h2 class=\"elementor-heading-title elementor-size-default\">Enlaces r\u00e1pidos<\/h2>\t\t<\/div>\n\t\t\t\t<\/div>\n\t\t\t\t<div class=\"elementor-element elementor-element-1a9d8f01 taxi-banner-button elementor-icon-list--layout-traditional elementor-list-item-link-full_width elementor-widget elementor-widget-icon-list\" data-id=\"1a9d8f01\" data-element_type=\"widget\" data-widget_type=\"icon-list.default\">\n\t\t\t\t<div class=\"elementor-widget-container\">\n\t\t\t\t\t<ul class=\"elementor-icon-list-items\">\n\t\t\t\t\t\t\t<li class=\"elementor-icon-list-item\">\n\t\t\t\t\t\t\t\t\t\t\t<a href=\"https:\/\/www.avocateespagne.be\/es\/\">\n\n\t\t\t\t\t\t\t\t\t\t\t\t<span class=\"elementor-icon-list-icon\">\n\t\t\t\t\t\t\t<i aria-hidden=\"true\" class=\"fas fa-chevron-right\"><\/i>\t\t\t\t\t\t<\/span>\n\t\t\t\t\t\t\t\t\t\t<span class=\"elementor-icon-list-text\">Inicio<\/span>\n\t\t\t\t\t\t\t\t\t\t\t<\/a>\n\t\t\t\t\t\t\t\t\t<\/li>\n\t\t\t\t\t\t\t\t<li class=\"elementor-icon-list-item\">\n\t\t\t\t\t\t\t\t\t\t\t<a href=\"https:\/\/www.avocateespagne.be\/es\/sobre-nosotros-civil-sp\/\">\n\n\t\t\t\t\t\t\t\t\t\t\t\t<span class=\"elementor-icon-list-icon\">\n\t\t\t\t\t\t\t<i aria-hidden=\"true\" class=\"fas fa-chevron-right\"><\/i>\t\t\t\t\t\t<\/span>\n\t\t\t\t\t\t\t\t\t\t<span class=\"elementor-icon-list-text\">Sobre nosotros<\/span>\n\t\t\t\t\t\t\t\t\t\t\t<\/a>\n\t\t\t\t\t\t\t\t\t<\/li>\n\t\t\t\t\t\t\t\t<li class=\"elementor-icon-list-item\">\n\t\t\t\t\t\t\t\t\t\t\t<a href=\"https:\/\/www.avocateespagne.be\/es\/servicios-de-pago-civil-sp\/\">\n\n\t\t\t\t\t\t\t\t\t\t\t\t<span class=\"elementor-icon-list-icon\">\n\t\t\t\t\t\t\t<i aria-hidden=\"true\" class=\"fas fa-chevron-right\"><\/i>\t\t\t\t\t\t<\/span>\n\t\t\t\t\t\t\t\t\t\t<span class=\"elementor-icon-list-text\">Pago de servicios<\/span>\n\t\t\t\t\t\t\t\t\t\t\t<\/a>\n\t\t\t\t\t\t\t\t\t<\/li>\n\t\t\t\t\t\t\t\t<li class=\"elementor-icon-list-item\">\n\t\t\t\t\t\t\t\t\t\t\t<a href=\"https:\/\/www.avocateespagne.be\/contact-conseiller-juridique-civil-sp-torrevieja\/\">\n\n\t\t\t\t\t\t\t\t\t\t\t\t<span class=\"elementor-icon-list-icon\">\n\t\t\t\t\t\t\t<i aria-hidden=\"true\" class=\"fas fa-chevron-right\"><\/i>\t\t\t\t\t\t<\/span>\n\t\t\t\t\t\t\t\t\t\t<span class=\"elementor-icon-list-text\">Contacto<\/span>\n\t\t\t\t\t\t\t\t\t\t\t<\/a>\n\t\t\t\t\t\t\t\t\t<\/li>\n\t\t\t\t\t\t<\/ul>\n\t\t\t\t<\/div>\n\t\t\t\t<\/div>\n\t\t\t\t\t<\/div>\n\t\t<\/div>\n\t\t\t\t<div class=\"elementor-column elementor-col-25 elementor-inner-column elementor-element elementor-element-54f3c8d specialist-footer-column4\" data-id=\"54f3c8d\" data-element_type=\"column\">\n\t\t\t<div class=\"elementor-widget-wrap elementor-element-populated\">\n\t\t\t\t\t\t<div class=\"elementor-element elementor-element-372c36aa elementor-widget elementor-widget-heading\" data-id=\"372c36aa\" data-element_type=\"widget\" data-widget_type=\"heading.default\">\n\t\t\t\t<div class=\"elementor-widget-container\">\n\t\t\t<h2 class=\"elementor-heading-title elementor-size-default\">Un sitio web de...<\/h2>\t\t<\/div>\n\t\t\t\t<\/div>\n\t\t\t\t<div class=\"elementor-element elementor-element-7f1c0c0d elementor-widget elementor-widget-image\" data-id=\"7f1c0c0d\" data-element_type=\"widget\" data-widget_type=\"image.default\">\n\t\t\t\t<div class=\"elementor-widget-container\">\n\t\t\t\t\t\t\t\t\t\t\t\t\t\t<a href=\"https:\/\/civilsp.com\" target=\"_blank\">\n\t\t\t\t\t\t\t<img width=\"150\" height=\"116\" src=\"https:\/\/www.avocateespagne.be\/wp-content\/uploads\/2022\/08\/Logo-Civil-SP-150-1.png\" class=\"attachment-large size-large wp-image-394\" alt=\"Civil SP. Abogado en Espa\u00f1a\" \/>\t\t\t\t\t\t\t\t<\/a>\n\t\t\t\t\t\t\t\t\t\t\t\t\t<\/div>\n\t\t\t\t<\/div>\n\t\t\t\t\t<\/div>\n\t\t<\/div>\n\t\t\t\t\t<\/div>\n\t\t<\/section>\n\t\t\t\t\t<\/div>\n\t\t<\/div>\n\t\t\t\t\t<\/div>\n\t\t<\/section>\n\t\t\t\t<\/div>\n\t\t","protected":false},"excerpt":{"rendered":"<p>Representaci\u00f3n legal A veces, pese a estar debidamente asesorados y haber intentado encontrar una soluci\u00f3n amistosa, no hay m\u00e1s remedio que acudir a un Juzgado. En Civil SP estaremos encantados de defenderle, contando con Abogados de alt\u00edsima cualificaci\u00f3n profesional y amplia experiencia. Generalmente nuestros clientes nos solicitan defenderles en temas relacionados con la construcci\u00f3n, la [&hellip;]<\/p>\n","protected":false},"author":1,"featured_media":0,"parent":1254,"menu_order":0,"comment_status":"closed","ping_status":"closed","template":"","meta":[],"yoast_head":"<!-- This site is optimized with the Yoast SEO plugin v20.6 - https:\/\/yoast.com\/wordpress\/plugins\/seo\/ -->\n<title>Representaci\u00f3n legal - Avocats francophones en Espagne. Civil SP<\/title>\n<meta name=\"robots\" content=\"index, follow, max-snippet:-1, max-image-preview:large, max-video-preview:-1\" \/>\n<link rel=\"canonical\" href=\"https:\/\/civilsp.com\/es\/servicios-asesores-abogados-torrevieja\/representacion-legal\/\" \/>\n<meta property=\"og:locale\" content=\"es_ES\" \/>\n<meta property=\"og:type\" content=\"article\" \/>\n<meta property=\"og:title\" content=\"Representaci\u00f3n legal - Avocats francophones en Espagne. Civil SP\" \/>\n<meta property=\"og:description\" content=\"Representaci\u00f3n legal A veces, pese a estar debidamente asesorados y haber intentado encontrar una soluci\u00f3n amistosa, no hay m\u00e1s remedio que acudir a un Juzgado. En Civil SP estaremos encantados de defenderle, contando con Abogados de alt\u00edsima cualificaci\u00f3n profesional y amplia experiencia. Generalmente nuestros clientes nos solicitan defenderles en temas relacionados con la construcci\u00f3n, la [&hellip;]\" \/>\n<meta property=\"og:url\" content=\"https:\/\/civilsp.com\/es\/servicios-asesores-abogados-torrevieja\/representacion-legal\/\" \/>\n<meta property=\"og:site_name\" content=\"Avocats francophones en Espagne. Civil SP\" \/>\n<meta property=\"article:modified_time\" content=\"2022-10-18T08:06:51+00:00\" \/>\n<meta property=\"og:image\" content=\"https:\/\/www.avocateespagne.be\/wp-content\/uploads\/2022\/08\/Logo-Civil-SP-150-1.png\" \/>\n<meta name=\"twitter:card\" content=\"summary_large_image\" \/>\n<meta name=\"twitter:label1\" content=\"Tiempo de lectura\" \/>\n\t<meta name=\"twitter:data1\" content=\"2 minutos\" \/>\n<script type=\"application\/ld+json\" class=\"yoast-schema-graph\">{\"@context\":\"https:\/\/schema.org\",\"@graph\":[{\"@type\":\"WebPage\",\"@id\":\"https:\/\/www.avocateespagne.be\/es\/servicios-de-abogados-y-asesores-legales-en-torrevieja-alicante\/representacion-legal-torrevieja-alicante\/\",\"url\":\"https:\/\/civilsp.com\/es\/servicios-asesores-abogados-torrevieja\/representacion-legal\/\",\"name\":\"Representaci\u00f3n legal - Avocats francophones en Espagne. Civil SP\",\"isPartOf\":{\"@id\":\"https:\/\/www.avocateespagne.be\/#website\"},\"datePublished\":\"2022-08-11T09:03:42+00:00\",\"dateModified\":\"2022-10-18T08:06:51+00:00\",\"breadcrumb\":{\"@id\":\"https:\/\/civilsp.com\/es\/servicios-asesores-abogados-torrevieja\/representacion-legal\/#breadcrumb\"},\"inLanguage\":\"es\",\"potentialAction\":[{\"@type\":\"ReadAction\",\"target\":[\"https:\/\/civilsp.com\/es\/servicios-asesores-abogados-torrevieja\/representacion-legal\/\"]}]},{\"@type\":\"BreadcrumbList\",\"@id\":\"https:\/\/civilsp.com\/es\/servicios-asesores-abogados-torrevieja\/representacion-legal\/#breadcrumb\",\"itemListElement\":[{\"@type\":\"ListItem\",\"position\":1,\"name\":\"Accueil\",\"item\":\"https:\/\/www.avocateespagne.be\/es\/inicio\/\"},{\"@type\":\"ListItem\",\"position\":2,\"name\":\"Servicios asesores y abogados en Torrevieja\",\"item\":\"https:\/\/www.avocateespagne.be\/es\/servicios-de-abogados-y-asesores-legales-en-torrevieja-alicante\/\"},{\"@type\":\"ListItem\",\"position\":3,\"name\":\"Representaci\u00f3n legal\"}]},{\"@type\":\"WebSite\",\"@id\":\"https:\/\/www.avocateespagne.be\/#website\",\"url\":\"https:\/\/www.avocateespagne.be\/\",\"name\":\"Avocats francophones en Espagne. Civil SP\",\"description\":\"Consultants et avocats \u00e0 Torrevieja Alicante\",\"publisher\":{\"@id\":\"https:\/\/www.avocateespagne.be\/#organization\"},\"potentialAction\":[{\"@type\":\"SearchAction\",\"target\":{\"@type\":\"EntryPoint\",\"urlTemplate\":\"https:\/\/www.avocateespagne.be\/?s={search_term_string}\"},\"query-input\":\"required name=search_term_string\"}],\"inLanguage\":\"es\"},{\"@type\":\"Organization\",\"@id\":\"https:\/\/www.avocateespagne.be\/#organization\",\"name\":\"Avocats francophones en Espagne. Civil SP\",\"url\":\"https:\/\/www.avocateespagne.be\/\",\"logo\":{\"@type\":\"ImageObject\",\"inLanguage\":\"es\",\"@id\":\"https:\/\/www.avocateespagne.be\/#\/schema\/logo\/image\/\",\"url\":\"https:\/\/www.avocateespagne.be\/wp-content\/uploads\/2022\/08\/Logo-Civil-SP-150-1.png\",\"contentUrl\":\"https:\/\/www.avocateespagne.be\/wp-content\/uploads\/2022\/08\/Logo-Civil-SP-150-1.png\",\"width\":150,\"height\":116,\"caption\":\"Avocats francophones en Espagne. Civil SP\"},\"image\":{\"@id\":\"https:\/\/www.avocateespagne.be\/#\/schema\/logo\/image\/\"}}]}<\/script>\n<!-- \/ Yoast SEO plugin. -->","yoast_head_json":{"title":"Representaci\u00f3n legal - Avocats francophones en Espagne. Civil SP","robots":{"index":"index","follow":"follow","max-snippet":"max-snippet:-1","max-image-preview":"max-image-preview:large","max-video-preview":"max-video-preview:-1"},"canonical":"https:\/\/civilsp.com\/es\/servicios-asesores-abogados-torrevieja\/representacion-legal\/","og_locale":"es_ES","og_type":"article","og_title":"Representaci\u00f3n legal - Avocats francophones en Espagne. Civil SP","og_description":"Representaci\u00f3n legal A veces, pese a estar debidamente asesorados y haber intentado encontrar una soluci\u00f3n amistosa, no hay m\u00e1s remedio que acudir a un Juzgado. En Civil SP estaremos encantados de defenderle, contando con Abogados de alt\u00edsima cualificaci\u00f3n profesional y amplia experiencia. Generalmente nuestros clientes nos solicitan defenderles en temas relacionados con la construcci\u00f3n, la [&hellip;]","og_url":"https:\/\/civilsp.com\/es\/servicios-asesores-abogados-torrevieja\/representacion-legal\/","og_site_name":"Avocats francophones en Espagne. Civil SP","article_modified_time":"2022-10-18T08:06:51+00:00","og_image":[{"url":"https:\/\/www.avocateespagne.be\/wp-content\/uploads\/2022\/08\/Logo-Civil-SP-150-1.png"}],"twitter_card":"summary_large_image","twitter_misc":{"Tiempo de lectura":"2 minutos"},"schema":{"@context":"https:\/\/schema.org","@graph":[{"@type":"WebPage","@id":"https:\/\/www.avocateespagne.be\/es\/servicios-de-abogados-y-asesores-legales-en-torrevieja-alicante\/representacion-legal-torrevieja-alicante\/","url":"https:\/\/civilsp.com\/es\/servicios-asesores-abogados-torrevieja\/representacion-legal\/","name":"Representaci\u00f3n legal - Avocats francophones en Espagne. Civil SP","isPartOf":{"@id":"https:\/\/www.avocateespagne.be\/#website"},"datePublished":"2022-08-11T09:03:42+00:00","dateModified":"2022-10-18T08:06:51+00:00","breadcrumb":{"@id":"https:\/\/civilsp.com\/es\/servicios-asesores-abogados-torrevieja\/representacion-legal\/#breadcrumb"},"inLanguage":"es","potentialAction":[{"@type":"ReadAction","target":["https:\/\/civilsp.com\/es\/servicios-asesores-abogados-torrevieja\/representacion-legal\/"]}]},{"@type":"BreadcrumbList","@id":"https:\/\/civilsp.com\/es\/servicios-asesores-abogados-torrevieja\/representacion-legal\/#breadcrumb","itemListElement":[{"@type":"ListItem","position":1,"name":"Accueil","item":"https:\/\/www.avocateespagne.be\/es\/inicio\/"},{"@type":"ListItem","position":2,"name":"Servicios asesores y abogados en Torrevieja","item":"https:\/\/www.avocateespagne.be\/es\/servicios-de-abogados-y-asesores-legales-en-torrevieja-alicante\/"},{"@type":"ListItem","position":3,"name":"Representaci\u00f3n legal"}]},{"@type":"WebSite","@id":"https:\/\/www.avocateespagne.be\/#website","url":"https:\/\/www.avocateespagne.be\/","name":"Avocats francophones en Espagne. Civil SP","description":"Consultants et avocats \u00e0 Torrevieja Alicante","publisher":{"@id":"https:\/\/www.avocateespagne.be\/#organization"},"potentialAction":[{"@type":"SearchAction","target":{"@type":"EntryPoint","urlTemplate":"https:\/\/www.avocateespagne.be\/?s={search_term_string}"},"query-input":"required name=search_term_string"}],"inLanguage":"es"},{"@type":"Organization","@id":"https:\/\/www.avocateespagne.be\/#organization","name":"Avocats francophones en Espagne. Civil SP","url":"https:\/\/www.avocateespagne.be\/","logo":{"@type":"ImageObject","inLanguage":"es","@id":"https:\/\/www.avocateespagne.be\/#\/schema\/logo\/image\/","url":"https:\/\/www.avocateespagne.be\/wp-content\/uploads\/2022\/08\/Logo-Civil-SP-150-1.png","contentUrl":"https:\/\/www.avocateespagne.be\/wp-content\/uploads\/2022\/08\/Logo-Civil-SP-150-1.png","width":150,"height":116,"caption":"Avocats francophones en Espagne. Civil SP"},"image":{"@id":"https:\/\/www.avocateespagne.be\/#\/schema\/logo\/image\/"}}]}},"_links":{"self":[{"href":"https:\/\/www.avocateespagne.be\/es\/wp-json\/wp\/v2\/pages\/1266"}],"collection":[{"href":"https:\/\/www.avocateespagne.be\/es\/wp-json\/wp\/v2\/pages"}],"about":[{"href":"https:\/\/www.avocateespagne.be\/es\/wp-json\/wp\/v2\/types\/page"}],"author":[{"embeddable":true,"href":"https:\/\/www.avocateespagne.be\/es\/wp-json\/wp\/v2\/users\/1"}],"replies":[{"embeddable":true,"href":"https:\/\/www.avocateespagne.be\/es\/wp-json\/wp\/v2\/comments?post=1266"}],"version-history":[{"count":5,"href":"https:\/\/www.avocateespagne.be\/es\/wp-json\/wp\/v2\/pages\/1266\/revisions"}],"predecessor-version":[{"id":1475,"href":"https:\/\/www.avocateespagne.be\/es\/wp-json\/wp\/v2\/pages\/1266\/revisions\/1475"}],"up":[{"embeddable":true,"href":"https:\/\/www.avocateespagne.be\/es\/wp-json\/wp\/v2\/pages\/1254"}],"wp:attachment":[{"href":"https:\/\/www.avocateespagne.be\/es\/wp-json\/wp\/v2\/media?parent=1266"}],"curies":[{"name":"wp","href":"https:\/\/api.w.org\/{rel}","templated":true}]}}