{"id":1308,"date":"2022-08-11T11:20:10","date_gmt":"2022-08-11T09:20:10","guid":{"rendered":"https:\/\/www.avocateespagne.be\/avis-legal\/"},"modified":"2022-09-23T14:08:40","modified_gmt":"2022-09-23T12:08:40","slug":"avis-legal","status":"publish","type":"page","link":"https:\/\/www.avocateespagne.be\/es\/avis-legal\/","title":{"rendered":"Avis l\u00e9gal"},"content":{"rendered":"\n<ol><li>AVIS JURIDIQUE. <\/li><\/ol>\n\n\n\n<p>Veuillez lire toutes les sections de cet avis juridique avant d&#8217;utiliser ce site web. Les conditions suivantes sont contraignantes pour tout utilisateur de ce site web.<\/p>\n\n\n\n<p>Conform\u00e9ment au devoir d&#8217;information pr\u00e9vu par la loi 34\/2002 sur les services de la soci\u00e9t\u00e9 de l&#8217;information et le commerce \u00e9lectronique (LSSI-CE) du 11 juillet, vous trouverez ci-apr\u00e8s les informations g\u00e9n\u00e9rales relatives \u00e0 ce site web.<\/p>\n\n\n\n<p>L&#8217;objectif de ce texte est d&#8217;expliquer en d\u00e9tail les fonctionnalit\u00e9s de ce site web et de vous fournir des informations relatives au propri\u00e9taire du site et \u00e0 la finalit\u00e9 des contenus qui y sont inclus.<\/p>\n\n\n\n<p>2.DONN\u00c9ES D&#8217;IDENTIFICATION<br>Le pr\u00e9sent avis juridique r\u00e9glemente l&#8217;utilisation du service du site web, en vous informant, conform\u00e9ment \u00e0 la loi 34\/2002, du 11 juillet, sur les services de la soci\u00e9t\u00e9 de l&#8217;information et le commerce \u00e9lectronique, des points suivants :<\/p>\n\n\n\n<p>Nom de la soci\u00e9t\u00e9 : CIVIL SP SL<\/p>\n\n\n\n<p>Adresse enregistr\u00e9e : CALLE APOLO, N\u00ba33, 5\u00ba-5,, 03181, TORREVIEJA, ALICANTE<\/p>\n\n\n\n<p>Courriel : legal@civilsp.com<\/p>\n\n\n\n<p>T\u00e9l\u00e9phone du contact : 965294005<\/p>\n\n\n\n<p>Code d&#8217;identification fiscale (CIF) : B54891551<\/p>\n\n\n\n<p>Donn\u00e9es d&#8217;enregistrement : Registre du commerce d&#8217;Alicante, Volume 3903, Folio 26, Page A-147485<\/p>\n\n\n\n<p>Repr\u00e9sentant l\u00e9gal : Venancio Parra Torres<\/p>\n\n\n\n<p>3.UTILISATION DU SITE WEB ET OBLIGATIONS DE L&#8217;UTILISATEUR.<br>L&#8217;utilisateur s&#8217;engage \u00e0 utiliser le site web, ses contenus et services sans contrevenir \u00e0 la l\u00e9gislation en vigueur, aux usages g\u00e9n\u00e9ralement admis et \u00e0 l&#8217;ordre public. Il est interdit d&#8217;utiliser le site web \u00e0 des fins illicites ou pr\u00e9judiciables \u00e0 CIVIL SP SL ou \u00e0 un tiers, qui, de quelque mani\u00e8re que ce soit, peuvent causer des dommages ou emp\u00eacher l&#8217;utilisation normale du site web.<\/p>\n\n\n\n<p>CIVIL SP SL garantit que les contenus et services offerts par le portail respectent le principe de la dignit\u00e9 de la personne, la protection de la jeunesse et des enfants, la non-discrimination pour des raisons de race, de sexe, de religion, d&#8217;opinion, de nationalit\u00e9, de handicap ou tout autre aspect personnel ou social.<\/p>\n\n\n\n<p>Les pr\u00e9sentes conditions g\u00e9n\u00e9rales d&#8217;utilisation du site web ne conf\u00e8rent \u00e0 l&#8217;utilisateur aucun autre droit d&#8217;utilisation, de modification, d&#8217;exploitation, de reproduction, de distribution ou de communication publique des contenus du site web autres que ceux express\u00e9ment pr\u00e9vus par les pr\u00e9sentes.<\/p>\n\n\n\n<p>Les contenus (informations, fichiers de son et\/ou d&#8217;image, photographies, dessins, etc.) inclus dans le portail sont la propri\u00e9t\u00e9 de CIVIL SP SL ou sont d\u00fbment autoris\u00e9s \u00e0 la diffusion par leurs propri\u00e9taires l\u00e9gitimes.<\/p>\n\n\n\n<p>CIVIL SP SL s&#8217;engage \u00e0 ne pas faire de publicit\u00e9 mensong\u00e8re et, par cons\u00e9quent, celle-ci est interdite :<\/p>\n\n\n\n<p>L&#8217;utilisation \u00e0 tout type de fins commerciales ou publicitaires, autres que celles strictement autoris\u00e9es.<\/p>\n\n\n\n<p>Reproduction, publication, distribution ou modification, en tout ou en partie, sauf autorisation \u00e9crite pr\u00e9alable des propri\u00e9taires l\u00e9gitimes ou autorisation l\u00e9gale.<\/p>\n\n\n\n<p>Toute atteinte aux droits de CIVIL SP SL ou de leurs propri\u00e9taires l\u00e9gitimes.<\/p>\n\n\n\n<ol start=\"4\"><li>LA PROPRI\u00c9T\u00c9 INTELLECTUELLE ET INDUSTRIELLE<br>L&#8217;utilisateur reconna\u00eet et accepte que tous les droits de propri\u00e9t\u00e9 industrielle et intellectuelle sur les contenus et\/ou tout autre \u00e9l\u00e9ment ins\u00e9r\u00e9 sur le site web appartiennent \u00e0 CIVIL SP SL ou qu&#8217;elle est d\u00fbment autoris\u00e9e \u00e0 les diffuser sur ce site web.<\/li><\/ol>\n\n\n\n<p>Dans le cas o\u00f9 un utilisateur ou un tiers consid\u00e8re qu&#8217;il y a eu une violation de ses droits l\u00e9gitimes de propri\u00e9t\u00e9 intellectuelle par l&#8217;introduction de certains contenus sur le site web, il doit notifier cette circonstance \u00e0 CIVIL SP SL en indiquant :<\/p>\n\n\n\n<p>Coordonn\u00e9es du titulaire des droits pr\u00e9tendument viol\u00e9s, ou indiquer la repr\u00e9sentation avec laquelle il agit dans le cas o\u00f9 la demande est pr\u00e9sent\u00e9e par un tiers autre que la partie int\u00e9ress\u00e9e.<\/p>\n\n\n\n<p>Indiquer les contenus prot\u00e9g\u00e9s par des droits de propri\u00e9t\u00e9 intellectuelle et leur emplacement sur le site web, l&#8217;accr\u00e9ditation des droits de propri\u00e9t\u00e9 intellectuelle indiqu\u00e9s et une d\u00e9claration expresse dans laquelle l&#8217;int\u00e9ress\u00e9 accepte la responsabilit\u00e9 de la v\u00e9racit\u00e9 des informations fournies dans la notification.<\/p>\n\n\n\n<p>5.LIENS<br>Ce site web fournit des liens vers d&#8217;autres sites web et des contenus appartenant \u00e0 des tiers.<\/p>\n\n\n\n<p>Le seul but de ces liens est de donner \u00e0 l&#8217;utilisateur la possibilit\u00e9 d&#8217;acc\u00e9der \u00e0 ces liens. CIVIL SP SL n&#8217;est en aucun cas responsable des r\u00e9sultats que peut obtenir l&#8217;utilisateur en acc\u00e9dant \u00e0 ces liens.<\/p>\n\n\n\n<p>L&#8217;utilisateur qui entend \u00e9tablir un lien technique quelconque entre son site web et le portail doit obtenir l&#8217;autorisation \u00e9crite pr\u00e9alable de CIVIL SP SL. L&#8217;\u00e9tablissement du lien n&#8217;implique en aucun cas l&#8217;existence d&#8217;une relation entre CIVIL SP SL et le propri\u00e9taire du site o\u00f9 le lien est \u00e9tabli, ni l&#8217;acceptation ou l&#8217;approbation par CIVIL SP SL de ses contenus ou services.<\/p>\n\n\n\n<p>Le site web o\u00f9 le lien est \u00e9tabli ne doit contenir aucune marque, nom, logo, slogan ou autres signes distinctifs appartenant \u00e0 CIVIL SP SL, sauf ceux express\u00e9ment autoris\u00e9s.<\/p>\n\n\n\n<p>6.MODIFICATION UNIL UNIL UNIL UNIL UNIL UNIL UNIL ET DE LA DUR\u00c9E<br>CIVIL SP SL se r\u00e9serve le droit de modifier, \u00e0 tout moment et sans pr\u00e9avis, la pr\u00e9sentation et la configuration du site web, ainsi que le pr\u00e9sent avis juridique.<\/p>\n\n\n\n<p>EXCLUSION DES GARANTIES ET DE LA RESPONSABILIT\u00c9<\/p>\n\n\n\n<p>CIVIL SP SL n&#8217;accorde aucune garantie et n&#8217;est pas responsable, en aucun cas, des dommages de toute nature qui peuvent survenir en raison de :<\/p>\n\n\n\n<p>Le manque de disponibilit\u00e9, de maintenance et de fonctionnement efficace du site Web et\/ou de ses services ou contenus.<\/p>\n\n\n\n<p>L&#8217;existence de virus, de programmes malveillants ou nuisibles dans les contenus.<\/p>\n\n\n\n<p>L&#8217;utilisation illicite, n\u00e9gligente, frauduleuse, contraire aux pr\u00e9sentes conditions, \u00e0 la bonne foi, aux usages g\u00e9n\u00e9ralement admis ou \u00e0 l&#8217;ordre public, du site web, de ses services ou de ses contenus, par les utilisateurs.<\/p>\n\n\n\n<p>7.TRAITEMENT DES DONN\u00c9ES PERSONNELLES<br>CIVIL SP SL, comme indiqu\u00e9 dans sa \u00abPOLITIQUE DE CONFIDENTIALIT\u00c9\u00bb qui peut \u00eatre consult\u00e9e sur ce site web, a adopt\u00e9 les niveaux de s\u00e9curit\u00e9 appropri\u00e9s pour les donn\u00e9es qu&#8217;elle traite et g\u00e8re, en incorporant tous les moyens et mesures techniques \u00e0 sa disposition pour garantir leur confidentialit\u00e9, \u00e9viter leur mauvaise utilisation, leur perte, leur alt\u00e9ration, leur acc\u00e8s non autoris\u00e9 et leur vol.<\/p>\n\n\n\n<p>L\u00c9GISLATION ET JURIDICTION APPLICABLES<br>Les pr\u00e9sentes conditions sont r\u00e9gies par la l\u00e9gislation espagnole, et tout litige d\u00e9coulant de l&#8217;acc\u00e8s au site web sera soumis aux cours et tribunaux de la ville d&#8217;ALICANTE (Espagne).<\/p>\n\n\n\n<p>9.CONTACT US<br>Si un utilisateur a des questions sur le pr\u00e9sent avis juridique ou des commentaires \u00e0 son sujet, il peut contacter legal@civilsp.com ou envoyer une communication \u00e9crite \u00e0 l&#8217;adresse indiqu\u00e9e dans l&#8217;en-t\u00eate.<\/p>\n\n\n\n<p>Traduit avec www.DeepL.com\/Translator (version gratuite)<\/p>\n","protected":false},"excerpt":{"rendered":"<p>AVIS JURIDIQUE. Veuillez lire toutes les sections de cet avis juridique avant d&#8217;utiliser ce site web. Les conditions suivantes sont contraignantes pour tout utilisateur de ce site web. Conform\u00e9ment au devoir d&#8217;information pr\u00e9vu par la loi 34\/2002 sur les services de la soci\u00e9t\u00e9 de l&#8217;information et le commerce \u00e9lectronique (LSSI-CE) du 11 juillet, vous trouverez [&hellip;]<\/p>\n","protected":false},"author":1,"featured_media":0,"parent":0,"menu_order":0,"comment_status":"closed","ping_status":"closed","template":"","meta":[],"yoast_head":"<!-- This site is optimized with the Yoast SEO plugin v20.6 - https:\/\/yoast.com\/wordpress\/plugins\/seo\/ -->\n<title>Avis l\u00e9gal - Avocats francophones en Espagne. Civil SP<\/title>\n<meta name=\"robots\" content=\"index, follow, max-snippet:-1, max-image-preview:large, max-video-preview:-1\" \/>\n<link rel=\"canonical\" href=\"https:\/\/www.avocateespagne.be\/es\/avis-legal\/\" \/>\n<meta property=\"og:locale\" content=\"es_ES\" \/>\n<meta property=\"og:type\" content=\"article\" \/>\n<meta property=\"og:title\" content=\"Avis l\u00e9gal - Avocats francophones en Espagne. Civil SP\" \/>\n<meta property=\"og:description\" content=\"AVIS JURIDIQUE. Veuillez lire toutes les sections de cet avis juridique avant d&#8217;utiliser ce site web. Les conditions suivantes sont contraignantes pour tout utilisateur de ce site web. Conform\u00e9ment au devoir d&#8217;information pr\u00e9vu par la loi 34\/2002 sur les services de la soci\u00e9t\u00e9 de l&#8217;information et le commerce \u00e9lectronique (LSSI-CE) du 11 juillet, vous trouverez [&hellip;]\" \/>\n<meta property=\"og:url\" content=\"https:\/\/www.avocateespagne.be\/es\/avis-legal\/\" \/>\n<meta property=\"og:site_name\" content=\"Avocats francophones en Espagne. Civil SP\" \/>\n<meta property=\"article:modified_time\" content=\"2022-09-23T12:08:40+00:00\" \/>\n<meta name=\"twitter:card\" content=\"summary_large_image\" \/>\n<meta name=\"twitter:label1\" content=\"Tiempo de lectura\" \/>\n\t<meta name=\"twitter:data1\" content=\"6 minutos\" \/>\n<script type=\"application\/ld+json\" class=\"yoast-schema-graph\">{\"@context\":\"https:\/\/schema.org\",\"@graph\":[{\"@type\":\"WebPage\",\"@id\":\"https:\/\/www.avocateespagne.be\/es\/avis-legal\/\",\"url\":\"https:\/\/www.avocateespagne.be\/es\/avis-legal\/\",\"name\":\"Avis l\u00e9gal - Avocats francophones en Espagne. Civil SP\",\"isPartOf\":{\"@id\":\"https:\/\/www.avocateespagne.be\/#website\"},\"datePublished\":\"2022-08-11T09:20:10+00:00\",\"dateModified\":\"2022-09-23T12:08:40+00:00\",\"breadcrumb\":{\"@id\":\"https:\/\/www.avocateespagne.be\/es\/avis-legal\/#breadcrumb\"},\"inLanguage\":\"es\",\"potentialAction\":[{\"@type\":\"ReadAction\",\"target\":[\"https:\/\/www.avocateespagne.be\/es\/avis-legal\/\"]}]},{\"@type\":\"BreadcrumbList\",\"@id\":\"https:\/\/www.avocateespagne.be\/es\/avis-legal\/#breadcrumb\",\"itemListElement\":[{\"@type\":\"ListItem\",\"position\":1,\"name\":\"Accueil\",\"item\":\"https:\/\/www.avocateespagne.be\/es\/inicio\/\"},{\"@type\":\"ListItem\",\"position\":2,\"name\":\"Avis l\u00e9gal\"}]},{\"@type\":\"WebSite\",\"@id\":\"https:\/\/www.avocateespagne.be\/#website\",\"url\":\"https:\/\/www.avocateespagne.be\/\",\"name\":\"Avocats francophones en Espagne. Civil SP\",\"description\":\"Consultants et avocats \u00e0 Torrevieja Alicante\",\"publisher\":{\"@id\":\"https:\/\/www.avocateespagne.be\/#organization\"},\"potentialAction\":[{\"@type\":\"SearchAction\",\"target\":{\"@type\":\"EntryPoint\",\"urlTemplate\":\"https:\/\/www.avocateespagne.be\/?s={search_term_string}\"},\"query-input\":\"required name=search_term_string\"}],\"inLanguage\":\"es\"},{\"@type\":\"Organization\",\"@id\":\"https:\/\/www.avocateespagne.be\/#organization\",\"name\":\"Avocats francophones en Espagne. Civil SP\",\"url\":\"https:\/\/www.avocateespagne.be\/\",\"logo\":{\"@type\":\"ImageObject\",\"inLanguage\":\"es\",\"@id\":\"https:\/\/www.avocateespagne.be\/#\/schema\/logo\/image\/\",\"url\":\"https:\/\/www.avocateespagne.be\/wp-content\/uploads\/2022\/08\/Logo-Civil-SP-150-1.png\",\"contentUrl\":\"https:\/\/www.avocateespagne.be\/wp-content\/uploads\/2022\/08\/Logo-Civil-SP-150-1.png\",\"width\":150,\"height\":116,\"caption\":\"Avocats francophones en Espagne. Civil SP\"},\"image\":{\"@id\":\"https:\/\/www.avocateespagne.be\/#\/schema\/logo\/image\/\"}}]}<\/script>\n<!-- \/ Yoast SEO plugin. -->","yoast_head_json":{"title":"Avis l\u00e9gal - Avocats francophones en Espagne. Civil SP","robots":{"index":"index","follow":"follow","max-snippet":"max-snippet:-1","max-image-preview":"max-image-preview:large","max-video-preview":"max-video-preview:-1"},"canonical":"https:\/\/www.avocateespagne.be\/es\/avis-legal\/","og_locale":"es_ES","og_type":"article","og_title":"Avis l\u00e9gal - Avocats francophones en Espagne. Civil SP","og_description":"AVIS JURIDIQUE. Veuillez lire toutes les sections de cet avis juridique avant d&#8217;utiliser ce site web. Les conditions suivantes sont contraignantes pour tout utilisateur de ce site web. Conform\u00e9ment au devoir d&#8217;information pr\u00e9vu par la loi 34\/2002 sur les services de la soci\u00e9t\u00e9 de l&#8217;information et le commerce \u00e9lectronique (LSSI-CE) du 11 juillet, vous trouverez [&hellip;]","og_url":"https:\/\/www.avocateespagne.be\/es\/avis-legal\/","og_site_name":"Avocats francophones en Espagne. Civil SP","article_modified_time":"2022-09-23T12:08:40+00:00","twitter_card":"summary_large_image","twitter_misc":{"Tiempo de lectura":"6 minutos"},"schema":{"@context":"https:\/\/schema.org","@graph":[{"@type":"WebPage","@id":"https:\/\/www.avocateespagne.be\/es\/avis-legal\/","url":"https:\/\/www.avocateespagne.be\/es\/avis-legal\/","name":"Avis l\u00e9gal - Avocats francophones en Espagne. Civil SP","isPartOf":{"@id":"https:\/\/www.avocateespagne.be\/#website"},"datePublished":"2022-08-11T09:20:10+00:00","dateModified":"2022-09-23T12:08:40+00:00","breadcrumb":{"@id":"https:\/\/www.avocateespagne.be\/es\/avis-legal\/#breadcrumb"},"inLanguage":"es","potentialAction":[{"@type":"ReadAction","target":["https:\/\/www.avocateespagne.be\/es\/avis-legal\/"]}]},{"@type":"BreadcrumbList","@id":"https:\/\/www.avocateespagne.be\/es\/avis-legal\/#breadcrumb","itemListElement":[{"@type":"ListItem","position":1,"name":"Accueil","item":"https:\/\/www.avocateespagne.be\/es\/inicio\/"},{"@type":"ListItem","position":2,"name":"Avis l\u00e9gal"}]},{"@type":"WebSite","@id":"https:\/\/www.avocateespagne.be\/#website","url":"https:\/\/www.avocateespagne.be\/","name":"Avocats francophones en Espagne. Civil SP","description":"Consultants et avocats \u00e0 Torrevieja Alicante","publisher":{"@id":"https:\/\/www.avocateespagne.be\/#organization"},"potentialAction":[{"@type":"SearchAction","target":{"@type":"EntryPoint","urlTemplate":"https:\/\/www.avocateespagne.be\/?s={search_term_string}"},"query-input":"required name=search_term_string"}],"inLanguage":"es"},{"@type":"Organization","@id":"https:\/\/www.avocateespagne.be\/#organization","name":"Avocats francophones en Espagne. Civil SP","url":"https:\/\/www.avocateespagne.be\/","logo":{"@type":"ImageObject","inLanguage":"es","@id":"https:\/\/www.avocateespagne.be\/#\/schema\/logo\/image\/","url":"https:\/\/www.avocateespagne.be\/wp-content\/uploads\/2022\/08\/Logo-Civil-SP-150-1.png","contentUrl":"https:\/\/www.avocateespagne.be\/wp-content\/uploads\/2022\/08\/Logo-Civil-SP-150-1.png","width":150,"height":116,"caption":"Avocats francophones en Espagne. Civil SP"},"image":{"@id":"https:\/\/www.avocateespagne.be\/#\/schema\/logo\/image\/"}}]}},"_links":{"self":[{"href":"https:\/\/www.avocateespagne.be\/es\/wp-json\/wp\/v2\/pages\/1308"}],"collection":[{"href":"https:\/\/www.avocateespagne.be\/es\/wp-json\/wp\/v2\/pages"}],"about":[{"href":"https:\/\/www.avocateespagne.be\/es\/wp-json\/wp\/v2\/types\/page"}],"author":[{"embeddable":true,"href":"https:\/\/www.avocateespagne.be\/es\/wp-json\/wp\/v2\/users\/1"}],"replies":[{"embeddable":true,"href":"https:\/\/www.avocateespagne.be\/es\/wp-json\/wp\/v2\/comments?post=1308"}],"version-history":[{"count":1,"href":"https:\/\/www.avocateespagne.be\/es\/wp-json\/wp\/v2\/pages\/1308\/revisions"}],"predecessor-version":[{"id":1310,"href":"https:\/\/www.avocateespagne.be\/es\/wp-json\/wp\/v2\/pages\/1308\/revisions\/1310"}],"wp:attachment":[{"href":"https:\/\/www.avocateespagne.be\/es\/wp-json\/wp\/v2\/media?parent=1308"}],"curies":[{"name":"wp","href":"https:\/\/api.w.org\/{rel}","templated":true}]}}